{"id":1138,"date":"2025-05-24T22:50:05","date_gmt":"2025-05-24T22:50:05","guid":{"rendered":"https:\/\/tempusfugit.mx\/blogniebla\/?page_id=1138"},"modified":"2025-08-17T23:14:19","modified_gmt":"2025-08-17T23:14:19","slug":"curso-basico-de-apreciacion-artistica","status":"publish","type":"page","link":"https:\/\/tempusfugit.mx\/blogniebla\/curso-basico-de-apreciacion-artistica\/","title":{"rendered":"Curso B\u00e1sico de Apreciaci\u00f3n Art\u00edstica"},"content":{"rendered":"\n<h2 class=\"wp-block-heading\"><\/h2>\n\n\n\n<figure class=\"wp-block-image size-large is-resized\"><img decoding=\"async\" loading=\"lazy\" src=\"https:\/\/tempusfugit.mx\/blogniebla\/wp-content\/uploads\/2025\/07\/flyer-2o-curso-apreciacion-artistica-WA-gris-A--664x1024.png\" alt=\"\" class=\"wp-image-1168\" width=\"502\" height=\"775\" srcset=\"https:\/\/tempusfugit.mx\/blogniebla\/wp-content\/uploads\/2025\/07\/flyer-2o-curso-apreciacion-artistica-WA-gris-A--664x1024.png 664w, https:\/\/tempusfugit.mx\/blogniebla\/wp-content\/uploads\/2025\/07\/flyer-2o-curso-apreciacion-artistica-WA-gris-A--194x300.png 194w, https:\/\/tempusfugit.mx\/blogniebla\/wp-content\/uploads\/2025\/07\/flyer-2o-curso-apreciacion-artistica-WA-gris-A--768x1185.png 768w, https:\/\/tempusfugit.mx\/blogniebla\/wp-content\/uploads\/2025\/07\/flyer-2o-curso-apreciacion-artistica-WA-gris-A--995x1536.png 995w, https:\/\/tempusfugit.mx\/blogniebla\/wp-content\/uploads\/2025\/07\/flyer-2o-curso-apreciacion-artistica-WA-gris-A--1327x2048.png 1327w, https:\/\/tempusfugit.mx\/blogniebla\/wp-content\/uploads\/2025\/07\/flyer-2o-curso-apreciacion-artistica-WA-gris-A--750x1157.png 750w\" sizes=\"(max-width: 502px) 100vw, 502px\" \/><\/figure>\n\n\n\n<p><strong>Un recorrido fascinante por la historia, los elementos, la filosof\u00eda y las emociones del arte, pensado para quienes quieren ver m\u00e1s all\u00e1 de lo superficial.&nbsp;<\/strong><br>Impartido po<strong>r <a href=\"https:\/\/tempusfugit.mx\/blogniebla\/autorretrato-hablado\/\">Javier S\u00e1nchez de la Barquera<\/a><\/strong><\/p>\n\n\n\n<p>Curso dividido en tres partes:<\/p>\n\n\n\n<ul>\n<li>Fundamentos del arte y sus elementos visuales<\/li>\n\n\n\n<li>El arte como reflejo de su tiempo: historia, cultura y sociedad<\/li>\n\n\n\n<li>Est\u00e9tica contempor\u00e1nea, filosof\u00eda del arte y experiencia personal<br><br><strong>Cuatro charlas de 2 horas<\/strong> y media.<br><strong>ACTUALIZACI\u00d3N<\/strong> de calendario:<br><strong>S\u00e1bados 30 de agosto y 6, 13 y 20 de septiembre de 2025<\/strong><br><strong><br><\/strong>Horarios: <strong>9:00 a 11:30 am<\/strong><br><br><strong>Curso en l\u00ednea<\/strong> por Google Meet +<strong> grabaciones disponibles<\/strong><br>Incluye material de lectura breve y accesible para cada charla<br><br>Inversi\u00f3n total:<strong> $1,800 MXN<\/strong> en una exhibici\u00f3n<br>(o dos pagos de $1,000)<br><br><strong>Dirigido a:<\/strong><\/li>\n\n\n\n<li>Quienes sienten que \u00abno entienden el arte\u201d<\/li>\n\n\n\n<li><img decoding=\"async\" class=\"wp-image-1152\" style=\"width: NaNpx;\" src=\"https:\/\/tempusfugit.mx\/blogniebla\/wp-content\/uploads\/2025\/05\/Temario-Curso-de-Apreciacion-Artistica-2025.pdf\" alt=\"\">Amantes de la historia y la cultura<\/li>\n\n\n\n<li>Personas que buscan conectar con el arte desde una&nbsp;mirada m\u00e1s profunda y cr\u00edtica<br><br>Mira aqu\u00ed el<strong> <a href=\"https:\/\/tempusfugit.mx\/blogniebla\/wp-content\/uploads\/2025\/08\/Temario-Curso-de-Apreciacion-Artistica-segunda-edicion-2025-1.pdf\">TEMARIO <\/a><\/strong>del curso<br><br><strong>Para anotarte env\u00eda un WA 81 1604 1411<br>Mencionando <em>Apreciaci\u00f3n Art\u00edstica<\/em><\/strong> <br>Y paga con la liga siguiente<br><\/li>\n<\/ul>\n\n\n\n<p><p><strong>Inscr\u00edbete ahora y transforma tu manera de ver el arte.<\/strong><\/p>\n<script async\n  src=\"https:\/\/js.stripe.com\/v3\/buy-button.js\">\n<\/script>\n<stripe-buy-button\n  buy-button-id=\"buy_btn_1RSO7yJ2XFZmZgOgbBq23jAE\"\n  publishable-key=\"pk_live_51PKA2kJ2XFZmZgOg4YotqEk9c34nhcaVCicYAALMlWoXzmkD77p7iIwh1jgkZUg8HtAoA5HNRzT4Y1j0O7KkuBES00Xa6Y7p0T\"\n>\n<\/stripe-buy-button>\n\n\n\n<figure class=\"wp-block-image size-thumbnail is-resized\"><img decoding=\"async\" loading=\"lazy\" src=\"https:\/\/tempusfugit.mx\/blogniebla\/wp-content\/uploads\/2025\/05\/qr_4gMcN61bmfCh2Rkbry0gw0x-150x150.png\" alt=\"\" class=\"wp-image-1163\" width=\"206\" height=\"206\"\/><\/figure>\n\n\n\n<p>O utiliza este enlace seguro.<br><a href=\"https:\/\/buy.stripe.com\/4gMcN61bmfCh2Rkbry0gw0x\">https:\/\/buy.stripe.com\/4gMcN61bmfCh2Rkbry0gw0x<\/a><\/p>\n","protected":false},"excerpt":{"rendered":"<p>Un recorrido fascinante por la historia, los elementos, la filosof\u00eda y las emociones del arte, pensado para quienes quieren ver m\u00e1s all\u00e1 de lo superficial.&nbsp;Impartido por Javier S\u00e1nchez de la Barquera Curso dividido en tres partes: Inscr\u00edbete ahora y transforma tu manera de ver el arte. O utiliza este enlace seguro.https:\/\/buy.stripe.com\/4gMcN61bmfCh2Rkbry0gw0x<\/p>\n","protected":false},"author":1,"featured_media":0,"parent":0,"menu_order":0,"comment_status":"closed","ping_status":"closed","template":"","meta":[],"_links":{"self":[{"href":"https:\/\/tempusfugit.mx\/blogniebla\/wp-json\/wp\/v2\/pages\/1138"}],"collection":[{"href":"https:\/\/tempusfugit.mx\/blogniebla\/wp-json\/wp\/v2\/pages"}],"about":[{"href":"https:\/\/tempusfugit.mx\/blogniebla\/wp-json\/wp\/v2\/types\/page"}],"author":[{"embeddable":true,"href":"https:\/\/tempusfugit.mx\/blogniebla\/wp-json\/wp\/v2\/users\/1"}],"replies":[{"embeddable":true,"href":"https:\/\/tempusfugit.mx\/blogniebla\/wp-json\/wp\/v2\/comments?post=1138"}],"version-history":[{"count":22,"href":"https:\/\/tempusfugit.mx\/blogniebla\/wp-json\/wp\/v2\/pages\/1138\/revisions"}],"predecessor-version":[{"id":1184,"href":"https:\/\/tempusfugit.mx\/blogniebla\/wp-json\/wp\/v2\/pages\/1138\/revisions\/1184"}],"wp:attachment":[{"href":"https:\/\/tempusfugit.mx\/blogniebla\/wp-json\/wp\/v2\/media?parent=1138"}],"curies":[{"name":"wp","href":"https:\/\/api.w.org\/{rel}","templated":true}]}}