{"id":150,"date":"2019-11-18T04:23:34","date_gmt":"2019-11-18T04:23:34","guid":{"rendered":"http:\/\/tempusfugit.mx\/blogniebla\/?page_id=150"},"modified":"2022-12-06T17:23:56","modified_gmt":"2022-12-06T17:23:56","slug":"grafica-a-la-venta","status":"publish","type":"page","link":"https:\/\/tempusfugit.mx\/blogniebla\/grafica-a-la-venta\/","title":{"rendered":"Neograf\u00edas"},"content":{"rendered":"<h2>Gr\u00e1fica contempor\u00e1nea original.<\/h2>\n<p>Las <em><strong>Series de autor<\/strong><\/em> de Niebla Morada son tirajes reducidos de impresos digitales de alta calidad, en papel algod\u00f3n.<\/p>\n<p>Las estampas son numeradas y van firmadas por el autor. Cada serie tiene un n\u00famero reducido de ejemplares.<\/p>\n<p>Si est\u00e1 interesado en adquirir alguna serie o una pieza suelta de la serie, visite las siguientes p\u00e1ginas con precios por l\u00e1mina y desde donde se puede hacer pedidos v\u00eda <img decoding=\"async\" loading=\"lazy\" class=\"alignnone wp-image-543\" src=\"https:\/\/tempusfugit.mx\/blogniebla\/wp-content\/uploads\/2022\/06\/logopaypal-300x72-300x72.png\" alt=\"\" width=\"75\" height=\"18\" \/>.<\/p>\n<p><span style=\"color: #339966;\"><strong>En las siguientes ligas se pueden ver las obras\u00a0 en tama\u00f1o suficiente para apreciarlas.<br \/>\n<\/strong><\/span><\/p>\n<p>&nbsp;<\/p>\n<h4><a href=\"https:\/\/tempusfugit.mx\/blogniebla\/serie-branas-y-supercuerdas-dimensionales\/\">Serie \u00abBranas y Supercuerdas Dimensionales\u00bb<\/a><\/h4>\n<p><a href=\"https:\/\/tempusfugit.mx\/blogniebla\/serie-branas-y-supercuerdas-dimensionales\/\"><img decoding=\"async\" loading=\"lazy\" class=\"alignnone wp-image-457\" src=\"https:\/\/tempusfugit.mx\/blogniebla\/wp-content\/uploads\/2022\/06\/con-marialuisacolorbranas4-300x200.png\" alt=\"\" width=\"150\" height=\"100\" srcset=\"https:\/\/tempusfugit.mx\/blogniebla\/wp-content\/uploads\/2022\/06\/con-marialuisacolorbranas4-300x200.png 300w, https:\/\/tempusfugit.mx\/blogniebla\/wp-content\/uploads\/2022\/06\/con-marialuisacolorbranas4-768x512.png 768w, https:\/\/tempusfugit.mx\/blogniebla\/wp-content\/uploads\/2022\/06\/con-marialuisacolorbranas4-1024x683.png 1024w, https:\/\/tempusfugit.mx\/blogniebla\/wp-content\/uploads\/2022\/06\/con-marialuisacolorbranas4-750x500.png 750w\" sizes=\"(max-width: 150px) 100vw, 150px\" \/><\/a> <a href=\"https:\/\/tempusfugit.mx\/blogniebla\/serie-branas-y-supercuerdas-dimensionales\/\"><img decoding=\"async\" loading=\"lazy\" class=\"alignnone wp-image-456\" src=\"https:\/\/tempusfugit.mx\/blogniebla\/wp-content\/uploads\/2022\/06\/con-marialuisa-colorbranas3-300x200.png\" alt=\"\" width=\"150\" height=\"100\" srcset=\"https:\/\/tempusfugit.mx\/blogniebla\/wp-content\/uploads\/2022\/06\/con-marialuisa-colorbranas3-300x200.png 300w, https:\/\/tempusfugit.mx\/blogniebla\/wp-content\/uploads\/2022\/06\/con-marialuisa-colorbranas3-768x512.png 768w, https:\/\/tempusfugit.mx\/blogniebla\/wp-content\/uploads\/2022\/06\/con-marialuisa-colorbranas3-1024x683.png 1024w, https:\/\/tempusfugit.mx\/blogniebla\/wp-content\/uploads\/2022\/06\/con-marialuisa-colorbranas3-750x500.png 750w\" sizes=\"(max-width: 150px) 100vw, 150px\" \/><\/a> <a href=\"https:\/\/tempusfugit.mx\/blogniebla\/serie-branas-y-supercuerdas-dimensionales\/\"><img decoding=\"async\" loading=\"lazy\" class=\"alignnone wp-image-455\" src=\"https:\/\/tempusfugit.mx\/blogniebla\/wp-content\/uploads\/2022\/06\/con-marialuisa-colorbranas2B-300x200.png\" alt=\"\" width=\"150\" height=\"100\" srcset=\"https:\/\/tempusfugit.mx\/blogniebla\/wp-content\/uploads\/2022\/06\/con-marialuisa-colorbranas2B-300x200.png 300w, https:\/\/tempusfugit.mx\/blogniebla\/wp-content\/uploads\/2022\/06\/con-marialuisa-colorbranas2B-768x512.png 768w, https:\/\/tempusfugit.mx\/blogniebla\/wp-content\/uploads\/2022\/06\/con-marialuisa-colorbranas2B-1024x683.png 1024w, https:\/\/tempusfugit.mx\/blogniebla\/wp-content\/uploads\/2022\/06\/con-marialuisa-colorbranas2B-750x500.png 750w\" sizes=\"(max-width: 150px) 100vw, 150px\" \/><\/a> <a href=\"https:\/\/tempusfugit.mx\/blogniebla\/serie-branas-y-supercuerdas-dimensionales\/\"><img decoding=\"async\" loading=\"lazy\" class=\"alignnone wp-image-454\" src=\"https:\/\/tempusfugit.mx\/blogniebla\/wp-content\/uploads\/2022\/06\/con-marialuisa-colorbranas-5-300x200.png\" alt=\"\" width=\"150\" height=\"100\" srcset=\"https:\/\/tempusfugit.mx\/blogniebla\/wp-content\/uploads\/2022\/06\/con-marialuisa-colorbranas-5-300x200.png 300w, https:\/\/tempusfugit.mx\/blogniebla\/wp-content\/uploads\/2022\/06\/con-marialuisa-colorbranas-5-768x512.png 768w, https:\/\/tempusfugit.mx\/blogniebla\/wp-content\/uploads\/2022\/06\/con-marialuisa-colorbranas-5-1024x683.png 1024w, https:\/\/tempusfugit.mx\/blogniebla\/wp-content\/uploads\/2022\/06\/con-marialuisa-colorbranas-5-750x500.png 750w\" sizes=\"(max-width: 150px) 100vw, 150px\" \/><\/a><\/p>\n<p><iframe loading=\"lazy\" width=\"560\" height=\"315\" src=\"https:\/\/www.youtube.com\/embed\/YbqxNJ_C4Y8\" title=\"YouTube video player\" frameborder=\"0\" allow=\"accelerometer; autoplay; clipboard-write; encrypted-media; gyroscope; picture-in-picture\" allowfullscreen><\/iframe><\/p>\n<h4><a href=\"https:\/\/tempusfugit.mx\/blogniebla\/__trashed\/\">Serie \u00abHomenaje a Marcel Duchamp\u00bb<\/a><\/h4>\n<p><a href=\"https:\/\/tempusfugit.mx\/blogniebla\/__trashed\/\"><img decoding=\"async\" loading=\"lazy\" class=\"alignnone wp-image-481\" src=\"https:\/\/tempusfugit.mx\/blogniebla\/wp-content\/uploads\/2022\/06\/Serie-1-Homenaje-a-Marcel-Duchamp-Rey-y-peonSCH-copia-300x232.png\" alt=\"\" width=\"150\" height=\"116\" srcset=\"https:\/\/tempusfugit.mx\/blogniebla\/wp-content\/uploads\/2022\/06\/Serie-1-Homenaje-a-Marcel-Duchamp-Rey-y-peonSCH-copia-300x232.png 300w, https:\/\/tempusfugit.mx\/blogniebla\/wp-content\/uploads\/2022\/06\/Serie-1-Homenaje-a-Marcel-Duchamp-Rey-y-peonSCH-copia-768x594.png 768w, https:\/\/tempusfugit.mx\/blogniebla\/wp-content\/uploads\/2022\/06\/Serie-1-Homenaje-a-Marcel-Duchamp-Rey-y-peonSCH-copia-1024x791.png 1024w, https:\/\/tempusfugit.mx\/blogniebla\/wp-content\/uploads\/2022\/06\/Serie-1-Homenaje-a-Marcel-Duchamp-Rey-y-peonSCH-copia-750x580.png 750w, https:\/\/tempusfugit.mx\/blogniebla\/wp-content\/uploads\/2022\/06\/Serie-1-Homenaje-a-Marcel-Duchamp-Rey-y-peonSCH-copia.png 1981w\" sizes=\"(max-width: 150px) 100vw, 150px\" \/><\/a> <a href=\"https:\/\/tempusfugit.mx\/blogniebla\/__trashed\/\"><img decoding=\"async\" loading=\"lazy\" class=\"alignnone wp-image-480\" src=\"https:\/\/tempusfugit.mx\/blogniebla\/wp-content\/uploads\/2022\/06\/Serie-1-Homenaje-a-Marcel-Duchamp-PeonesSCH-copia-300x232.png\" alt=\"\" width=\"150\" height=\"116\" srcset=\"https:\/\/tempusfugit.mx\/blogniebla\/wp-content\/uploads\/2022\/06\/Serie-1-Homenaje-a-Marcel-Duchamp-PeonesSCH-copia-300x232.png 300w, https:\/\/tempusfugit.mx\/blogniebla\/wp-content\/uploads\/2022\/06\/Serie-1-Homenaje-a-Marcel-Duchamp-PeonesSCH-copia-768x594.png 768w, https:\/\/tempusfugit.mx\/blogniebla\/wp-content\/uploads\/2022\/06\/Serie-1-Homenaje-a-Marcel-Duchamp-PeonesSCH-copia-1024x791.png 1024w, https:\/\/tempusfugit.mx\/blogniebla\/wp-content\/uploads\/2022\/06\/Serie-1-Homenaje-a-Marcel-Duchamp-PeonesSCH-copia-750x580.png 750w, https:\/\/tempusfugit.mx\/blogniebla\/wp-content\/uploads\/2022\/06\/Serie-1-Homenaje-a-Marcel-Duchamp-PeonesSCH-copia.png 1981w\" sizes=\"(max-width: 150px) 100vw, 150px\" \/><\/a><a href=\"https:\/\/tempusfugit.mx\/blogniebla\/__trashed\/\"><img decoding=\"async\" loading=\"lazy\" class=\"alignnone wp-image-482\" src=\"https:\/\/tempusfugit.mx\/blogniebla\/wp-content\/uploads\/2022\/06\/Serie-1-Homenaje-a-Marcel-Duchamp-TorresSCH-copia-300x232.png\" alt=\"\" width=\"150\" height=\"116\" srcset=\"https:\/\/tempusfugit.mx\/blogniebla\/wp-content\/uploads\/2022\/06\/Serie-1-Homenaje-a-Marcel-Duchamp-TorresSCH-copia-300x232.png 300w, https:\/\/tempusfugit.mx\/blogniebla\/wp-content\/uploads\/2022\/06\/Serie-1-Homenaje-a-Marcel-Duchamp-TorresSCH-copia-768x594.png 768w, https:\/\/tempusfugit.mx\/blogniebla\/wp-content\/uploads\/2022\/06\/Serie-1-Homenaje-a-Marcel-Duchamp-TorresSCH-copia-1024x791.png 1024w, https:\/\/tempusfugit.mx\/blogniebla\/wp-content\/uploads\/2022\/06\/Serie-1-Homenaje-a-Marcel-Duchamp-TorresSCH-copia-750x580.png 750w, https:\/\/tempusfugit.mx\/blogniebla\/wp-content\/uploads\/2022\/06\/Serie-1-Homenaje-a-Marcel-Duchamp-TorresSCH-copia.png 1981w\" sizes=\"(max-width: 150px) 100vw, 150px\" \/><\/a><br \/>\n<a href=\"https:\/\/tempusfugit.mx\/blogniebla\/__trashed\/\"><img decoding=\"async\" loading=\"lazy\" class=\"alignnone wp-image-479\" src=\"https:\/\/tempusfugit.mx\/blogniebla\/wp-content\/uploads\/2022\/06\/Serie-1-Homenaje-a-Marcel-Duchamp-DamaSCH-copia-300x232.png\" alt=\"\" width=\"150\" height=\"116\" srcset=\"https:\/\/tempusfugit.mx\/blogniebla\/wp-content\/uploads\/2022\/06\/Serie-1-Homenaje-a-Marcel-Duchamp-DamaSCH-copia-300x232.png 300w, https:\/\/tempusfugit.mx\/blogniebla\/wp-content\/uploads\/2022\/06\/Serie-1-Homenaje-a-Marcel-Duchamp-DamaSCH-copia-768x594.png 768w, https:\/\/tempusfugit.mx\/blogniebla\/wp-content\/uploads\/2022\/06\/Serie-1-Homenaje-a-Marcel-Duchamp-DamaSCH-copia-1024x791.png 1024w, https:\/\/tempusfugit.mx\/blogniebla\/wp-content\/uploads\/2022\/06\/Serie-1-Homenaje-a-Marcel-Duchamp-DamaSCH-copia-750x580.png 750w, https:\/\/tempusfugit.mx\/blogniebla\/wp-content\/uploads\/2022\/06\/Serie-1-Homenaje-a-Marcel-Duchamp-DamaSCH-copia.png 1981w\" sizes=\"(max-width: 150px) 100vw, 150px\" \/><\/a>\u00a0<a href=\"https:\/\/tempusfugit.mx\/blogniebla\/__trashed\/\"><img decoding=\"async\" loading=\"lazy\" class=\"alignnone wp-image-477\" src=\"https:\/\/tempusfugit.mx\/blogniebla\/wp-content\/uploads\/2022\/06\/Serie-1-Homenaje-a-Marcel-Duchamp-AlfilesSCH-copia-300x232.png\" alt=\"\" width=\"150\" height=\"116\" srcset=\"https:\/\/tempusfugit.mx\/blogniebla\/wp-content\/uploads\/2022\/06\/Serie-1-Homenaje-a-Marcel-Duchamp-AlfilesSCH-copia-300x232.png 300w, https:\/\/tempusfugit.mx\/blogniebla\/wp-content\/uploads\/2022\/06\/Serie-1-Homenaje-a-Marcel-Duchamp-AlfilesSCH-copia-768x594.png 768w, https:\/\/tempusfugit.mx\/blogniebla\/wp-content\/uploads\/2022\/06\/Serie-1-Homenaje-a-Marcel-Duchamp-AlfilesSCH-copia-1024x791.png 1024w, https:\/\/tempusfugit.mx\/blogniebla\/wp-content\/uploads\/2022\/06\/Serie-1-Homenaje-a-Marcel-Duchamp-AlfilesSCH-copia-750x580.png 750w, https:\/\/tempusfugit.mx\/blogniebla\/wp-content\/uploads\/2022\/06\/Serie-1-Homenaje-a-Marcel-Duchamp-AlfilesSCH-copia.png 1981w\" sizes=\"(max-width: 150px) 100vw, 150px\" \/><\/a><a href=\"https:\/\/tempusfugit.mx\/blogniebla\/__trashed\/\"><img decoding=\"async\" loading=\"lazy\" class=\"alignnone wp-image-478\" src=\"https:\/\/tempusfugit.mx\/blogniebla\/wp-content\/uploads\/2022\/06\/Serie-1-Homenaje-a-Marcel-Duchamp-CaballoSCH-copia-300x232.png\" alt=\"\" width=\"150\" height=\"116\" srcset=\"https:\/\/tempusfugit.mx\/blogniebla\/wp-content\/uploads\/2022\/06\/Serie-1-Homenaje-a-Marcel-Duchamp-CaballoSCH-copia-300x232.png 300w, https:\/\/tempusfugit.mx\/blogniebla\/wp-content\/uploads\/2022\/06\/Serie-1-Homenaje-a-Marcel-Duchamp-CaballoSCH-copia-768x594.png 768w, https:\/\/tempusfugit.mx\/blogniebla\/wp-content\/uploads\/2022\/06\/Serie-1-Homenaje-a-Marcel-Duchamp-CaballoSCH-copia-1024x791.png 1024w, https:\/\/tempusfugit.mx\/blogniebla\/wp-content\/uploads\/2022\/06\/Serie-1-Homenaje-a-Marcel-Duchamp-CaballoSCH-copia-750x580.png 750w, https:\/\/tempusfugit.mx\/blogniebla\/wp-content\/uploads\/2022\/06\/Serie-1-Homenaje-a-Marcel-Duchamp-CaballoSCH-copia.png 1981w\" sizes=\"(max-width: 150px) 100vw, 150px\" \/><\/a><\/p>\n<p><iframe loading=\"lazy\" title=\"YouTube video player\" src=\"https:\/\/www.youtube.com\/embed\/UvsUMEaDR8w\" width=\"560\" height=\"315\" frameborder=\"0\" allowfullscreen=\"allowfullscreen\"><\/iframe><\/p>\n<h4><a href=\"https:\/\/tempusfugit.mx\/blogniebla\/serie-homenaje-a-marcel-duchamp-bis\/\">Serie \u00abHomenaje a Marcel Duchamp\u00bb BIS<\/a><\/h4>\n<p><a href=\"https:\/\/tempusfugit.mx\/blogniebla\/serie-homenaje-a-marcel-duchamp-bis\/\"><img decoding=\"async\" loading=\"lazy\" class=\"alignnone wp-image-497\" src=\"https:\/\/tempusfugit.mx\/blogniebla\/wp-content\/uploads\/2022\/06\/Serie-2-Homenaje-a-Marcel-Duchamp-TorresSCH-copia-300x232.png\" alt=\"\" width=\"150\" height=\"116\" srcset=\"https:\/\/tempusfugit.mx\/blogniebla\/wp-content\/uploads\/2022\/06\/Serie-2-Homenaje-a-Marcel-Duchamp-TorresSCH-copia-300x232.png 300w, https:\/\/tempusfugit.mx\/blogniebla\/wp-content\/uploads\/2022\/06\/Serie-2-Homenaje-a-Marcel-Duchamp-TorresSCH-copia-768x594.png 768w, https:\/\/tempusfugit.mx\/blogniebla\/wp-content\/uploads\/2022\/06\/Serie-2-Homenaje-a-Marcel-Duchamp-TorresSCH-copia-1024x791.png 1024w, https:\/\/tempusfugit.mx\/blogniebla\/wp-content\/uploads\/2022\/06\/Serie-2-Homenaje-a-Marcel-Duchamp-TorresSCH-copia-750x580.png 750w, https:\/\/tempusfugit.mx\/blogniebla\/wp-content\/uploads\/2022\/06\/Serie-2-Homenaje-a-Marcel-Duchamp-TorresSCH-copia.png 1981w\" sizes=\"(max-width: 150px) 100vw, 150px\" \/><\/a> <a href=\"https:\/\/tempusfugit.mx\/blogniebla\/serie-homenaje-a-marcel-duchamp-bis\/\"><img decoding=\"async\" loading=\"lazy\" class=\"alignnone wp-image-496\" src=\"https:\/\/tempusfugit.mx\/blogniebla\/wp-content\/uploads\/2022\/06\/Serie-2-Homenaje-a-Marcel-Duchamp-Rey-y-peonSCH-copia-300x232.png\" alt=\"\" width=\"150\" height=\"116\" srcset=\"https:\/\/tempusfugit.mx\/blogniebla\/wp-content\/uploads\/2022\/06\/Serie-2-Homenaje-a-Marcel-Duchamp-Rey-y-peonSCH-copia-300x232.png 300w, https:\/\/tempusfugit.mx\/blogniebla\/wp-content\/uploads\/2022\/06\/Serie-2-Homenaje-a-Marcel-Duchamp-Rey-y-peonSCH-copia-768x594.png 768w, https:\/\/tempusfugit.mx\/blogniebla\/wp-content\/uploads\/2022\/06\/Serie-2-Homenaje-a-Marcel-Duchamp-Rey-y-peonSCH-copia-1024x791.png 1024w, https:\/\/tempusfugit.mx\/blogniebla\/wp-content\/uploads\/2022\/06\/Serie-2-Homenaje-a-Marcel-Duchamp-Rey-y-peonSCH-copia-750x580.png 750w, https:\/\/tempusfugit.mx\/blogniebla\/wp-content\/uploads\/2022\/06\/Serie-2-Homenaje-a-Marcel-Duchamp-Rey-y-peonSCH-copia.png 1981w\" sizes=\"(max-width: 150px) 100vw, 150px\" \/><\/a> <a href=\"https:\/\/tempusfugit.mx\/blogniebla\/serie-homenaje-a-marcel-duchamp-bis\/\"><img decoding=\"async\" loading=\"lazy\" class=\"alignnone wp-image-495\" src=\"https:\/\/tempusfugit.mx\/blogniebla\/wp-content\/uploads\/2022\/06\/Serie-2-Homenaje-a-Marcel-Duchamp-PeonesSCH-copia-300x232.png\" alt=\"\" width=\"150\" height=\"116\" srcset=\"https:\/\/tempusfugit.mx\/blogniebla\/wp-content\/uploads\/2022\/06\/Serie-2-Homenaje-a-Marcel-Duchamp-PeonesSCH-copia-300x232.png 300w, https:\/\/tempusfugit.mx\/blogniebla\/wp-content\/uploads\/2022\/06\/Serie-2-Homenaje-a-Marcel-Duchamp-PeonesSCH-copia-768x594.png 768w, https:\/\/tempusfugit.mx\/blogniebla\/wp-content\/uploads\/2022\/06\/Serie-2-Homenaje-a-Marcel-Duchamp-PeonesSCH-copia-1024x791.png 1024w, https:\/\/tempusfugit.mx\/blogniebla\/wp-content\/uploads\/2022\/06\/Serie-2-Homenaje-a-Marcel-Duchamp-PeonesSCH-copia-750x580.png 750w, https:\/\/tempusfugit.mx\/blogniebla\/wp-content\/uploads\/2022\/06\/Serie-2-Homenaje-a-Marcel-Duchamp-PeonesSCH-copia.png 1981w\" sizes=\"(max-width: 150px) 100vw, 150px\" \/><\/a><br \/>\n<a href=\"https:\/\/tempusfugit.mx\/blogniebla\/serie-homenaje-a-marcel-duchamp-bis\/\"><img decoding=\"async\" loading=\"lazy\" class=\"alignnone wp-image-494\" src=\"https:\/\/tempusfugit.mx\/blogniebla\/wp-content\/uploads\/2022\/06\/Serie-2-Homenaje-a-Marcel-Duchamp-DamaSCH-copia-300x232.png\" alt=\"\" width=\"150\" height=\"116\" srcset=\"https:\/\/tempusfugit.mx\/blogniebla\/wp-content\/uploads\/2022\/06\/Serie-2-Homenaje-a-Marcel-Duchamp-DamaSCH-copia-300x232.png 300w, https:\/\/tempusfugit.mx\/blogniebla\/wp-content\/uploads\/2022\/06\/Serie-2-Homenaje-a-Marcel-Duchamp-DamaSCH-copia-768x594.png 768w, https:\/\/tempusfugit.mx\/blogniebla\/wp-content\/uploads\/2022\/06\/Serie-2-Homenaje-a-Marcel-Duchamp-DamaSCH-copia-1024x791.png 1024w, https:\/\/tempusfugit.mx\/blogniebla\/wp-content\/uploads\/2022\/06\/Serie-2-Homenaje-a-Marcel-Duchamp-DamaSCH-copia-750x580.png 750w, https:\/\/tempusfugit.mx\/blogniebla\/wp-content\/uploads\/2022\/06\/Serie-2-Homenaje-a-Marcel-Duchamp-DamaSCH-copia.png 1981w\" sizes=\"(max-width: 150px) 100vw, 150px\" \/><\/a> <a href=\"https:\/\/tempusfugit.mx\/blogniebla\/serie-homenaje-a-marcel-duchamp-bis\/\"><img decoding=\"async\" loading=\"lazy\" class=\"alignnone wp-image-493\" src=\"https:\/\/tempusfugit.mx\/blogniebla\/wp-content\/uploads\/2022\/06\/Serie-2-Homenaje-a-Marcel-Duchamp-CaballoSCH-copia-300x232.png\" alt=\"\" width=\"150\" height=\"116\" srcset=\"https:\/\/tempusfugit.mx\/blogniebla\/wp-content\/uploads\/2022\/06\/Serie-2-Homenaje-a-Marcel-Duchamp-CaballoSCH-copia-300x232.png 300w, https:\/\/tempusfugit.mx\/blogniebla\/wp-content\/uploads\/2022\/06\/Serie-2-Homenaje-a-Marcel-Duchamp-CaballoSCH-copia-768x594.png 768w, https:\/\/tempusfugit.mx\/blogniebla\/wp-content\/uploads\/2022\/06\/Serie-2-Homenaje-a-Marcel-Duchamp-CaballoSCH-copia-1024x791.png 1024w, https:\/\/tempusfugit.mx\/blogniebla\/wp-content\/uploads\/2022\/06\/Serie-2-Homenaje-a-Marcel-Duchamp-CaballoSCH-copia-750x580.png 750w, https:\/\/tempusfugit.mx\/blogniebla\/wp-content\/uploads\/2022\/06\/Serie-2-Homenaje-a-Marcel-Duchamp-CaballoSCH-copia.png 1981w\" sizes=\"(max-width: 150px) 100vw, 150px\" \/><\/a> <a href=\"https:\/\/tempusfugit.mx\/blogniebla\/serie-homenaje-a-marcel-duchamp-bis\/\"><img decoding=\"async\" loading=\"lazy\" class=\"alignnone wp-image-492\" src=\"https:\/\/tempusfugit.mx\/blogniebla\/wp-content\/uploads\/2022\/06\/Serie-2-Homenaje-a-Marcel-Duchamp-AlfilesSCH-copia-300x232.png\" alt=\"\" width=\"150\" height=\"116\" srcset=\"https:\/\/tempusfugit.mx\/blogniebla\/wp-content\/uploads\/2022\/06\/Serie-2-Homenaje-a-Marcel-Duchamp-AlfilesSCH-copia-300x232.png 300w, https:\/\/tempusfugit.mx\/blogniebla\/wp-content\/uploads\/2022\/06\/Serie-2-Homenaje-a-Marcel-Duchamp-AlfilesSCH-copia-768x594.png 768w, https:\/\/tempusfugit.mx\/blogniebla\/wp-content\/uploads\/2022\/06\/Serie-2-Homenaje-a-Marcel-Duchamp-AlfilesSCH-copia-1024x791.png 1024w, https:\/\/tempusfugit.mx\/blogniebla\/wp-content\/uploads\/2022\/06\/Serie-2-Homenaje-a-Marcel-Duchamp-AlfilesSCH-copia-750x580.png 750w, https:\/\/tempusfugit.mx\/blogniebla\/wp-content\/uploads\/2022\/06\/Serie-2-Homenaje-a-Marcel-Duchamp-AlfilesSCH-copia.png 1981w\" sizes=\"(max-width: 150px) 100vw, 150px\" \/><\/a><\/p>\n<h4><a href=\"https:\/\/tempusfugit.mx\/blogniebla\/serie-el-pajaro-de-fuego-loiseau-de-feu-stravinsky\/\">Serie \u00abEl p\u00e1jaro de fuego\u00bb (L&#8217;oiseau de Feu) basado en la obra de I.\u00a0 Stravinsky<\/a><\/h4>\n<p><a href=\"https:\/\/tempusfugit.mx\/blogniebla\/serie-el-pajaro-de-fuego-loiseau-de-feu-stravinsky\/\"><img decoding=\"async\" loading=\"lazy\" class=\"alignnone wp-image-510\" src=\"https:\/\/tempusfugit.mx\/blogniebla\/wp-content\/uploads\/2022\/06\/Serie-El-p\u00e1jaro-de-fuego-Loiseau-de-Feu-Stravinsky-Lever-du-jourSCH-copia-300x194.png\" alt=\"\" width=\"150\" height=\"97\" srcset=\"https:\/\/tempusfugit.mx\/blogniebla\/wp-content\/uploads\/2022\/06\/Serie-El-p\u00e1jaro-de-fuego-Loiseau-de-Feu-Stravinsky-Lever-du-jourSCH-copia-300x194.png 300w, https:\/\/tempusfugit.mx\/blogniebla\/wp-content\/uploads\/2022\/06\/Serie-El-p\u00e1jaro-de-fuego-Loiseau-de-Feu-Stravinsky-Lever-du-jourSCH-copia-768x496.png 768w, https:\/\/tempusfugit.mx\/blogniebla\/wp-content\/uploads\/2022\/06\/Serie-El-p\u00e1jaro-de-fuego-Loiseau-de-Feu-Stravinsky-Lever-du-jourSCH-copia-1024x661.png 1024w, https:\/\/tempusfugit.mx\/blogniebla\/wp-content\/uploads\/2022\/06\/Serie-El-p\u00e1jaro-de-fuego-Loiseau-de-Feu-Stravinsky-Lever-du-jourSCH-copia-750x484.png 750w\" sizes=\"(max-width: 150px) 100vw, 150px\" \/><\/a> <a href=\"https:\/\/tempusfugit.mx\/blogniebla\/serie-el-pajaro-de-fuego-loiseau-de-feu-stravinsky\/\"><img decoding=\"async\" loading=\"lazy\" class=\"alignnone wp-image-509\" src=\"https:\/\/tempusfugit.mx\/blogniebla\/wp-content\/uploads\/2022\/06\/Serie-El-p\u00e1jaro-de-fuego-Loiseau-de-Feu-Stravinsky-Danza-feericaSCH-copia-300x194.png\" alt=\"\" width=\"150\" height=\"97\" srcset=\"https:\/\/tempusfugit.mx\/blogniebla\/wp-content\/uploads\/2022\/06\/Serie-El-p\u00e1jaro-de-fuego-Loiseau-de-Feu-Stravinsky-Danza-feericaSCH-copia-300x194.png 300w, https:\/\/tempusfugit.mx\/blogniebla\/wp-content\/uploads\/2022\/06\/Serie-El-p\u00e1jaro-de-fuego-Loiseau-de-Feu-Stravinsky-Danza-feericaSCH-copia-768x496.png 768w, https:\/\/tempusfugit.mx\/blogniebla\/wp-content\/uploads\/2022\/06\/Serie-El-p\u00e1jaro-de-fuego-Loiseau-de-Feu-Stravinsky-Danza-feericaSCH-copia-1024x661.png 1024w, https:\/\/tempusfugit.mx\/blogniebla\/wp-content\/uploads\/2022\/06\/Serie-El-p\u00e1jaro-de-fuego-Loiseau-de-Feu-Stravinsky-Danza-feericaSCH-copia-750x484.png 750w\" sizes=\"(max-width: 150px) 100vw, 150px\" \/><\/a> <a href=\"https:\/\/tempusfugit.mx\/blogniebla\/serie-el-pajaro-de-fuego-loiseau-de-feu-stravinsky\/\"><img decoding=\"async\" loading=\"lazy\" class=\"alignnone wp-image-507\" src=\"https:\/\/tempusfugit.mx\/blogniebla\/wp-content\/uploads\/2022\/06\/Serie-El-p\u00e1jaro-de-fuego-Loiseau-de-Feu-Stravinsky-Jardin-encantado-SCH-copia-300x194.png\" alt=\"\" width=\"150\" height=\"97\" srcset=\"https:\/\/tempusfugit.mx\/blogniebla\/wp-content\/uploads\/2022\/06\/Serie-El-p\u00e1jaro-de-fuego-Loiseau-de-Feu-Stravinsky-Jardin-encantado-SCH-copia-300x194.png 300w, https:\/\/tempusfugit.mx\/blogniebla\/wp-content\/uploads\/2022\/06\/Serie-El-p\u00e1jaro-de-fuego-Loiseau-de-Feu-Stravinsky-Jardin-encantado-SCH-copia-768x496.png 768w, https:\/\/tempusfugit.mx\/blogniebla\/wp-content\/uploads\/2022\/06\/Serie-El-p\u00e1jaro-de-fuego-Loiseau-de-Feu-Stravinsky-Jardin-encantado-SCH-copia-1024x661.png 1024w, https:\/\/tempusfugit.mx\/blogniebla\/wp-content\/uploads\/2022\/06\/Serie-El-p\u00e1jaro-de-fuego-Loiseau-de-Feu-Stravinsky-Jardin-encantado-SCH-copia-750x484.png 750w\" sizes=\"(max-width: 150px) 100vw, 150px\" \/><\/a> <a href=\"https:\/\/tempusfugit.mx\/blogniebla\/serie-el-pajaro-de-fuego-loiseau-de-feu-stravinsky\/\"><img decoding=\"async\" loading=\"lazy\" class=\"alignnone wp-image-503\" src=\"https:\/\/tempusfugit.mx\/blogniebla\/wp-content\/uploads\/2022\/06\/Serie-El-p\u00e1jaro-de-fuego-Loiseau-de-Feu-Stravinsky-Aparicion-del-p\u00e1jaro-de-fuegoSCH-copia-300x194.png\" alt=\"\" width=\"150\" height=\"97\" srcset=\"https:\/\/tempusfugit.mx\/blogniebla\/wp-content\/uploads\/2022\/06\/Serie-El-p\u00e1jaro-de-fuego-Loiseau-de-Feu-Stravinsky-Aparicion-del-p\u00e1jaro-de-fuegoSCH-copia-300x194.png 300w, https:\/\/tempusfugit.mx\/blogniebla\/wp-content\/uploads\/2022\/06\/Serie-El-p\u00e1jaro-de-fuego-Loiseau-de-Feu-Stravinsky-Aparicion-del-p\u00e1jaro-de-fuegoSCH-copia-768x496.png 768w, https:\/\/tempusfugit.mx\/blogniebla\/wp-content\/uploads\/2022\/06\/Serie-El-p\u00e1jaro-de-fuego-Loiseau-de-Feu-Stravinsky-Aparicion-del-p\u00e1jaro-de-fuegoSCH-copia-1024x661.png 1024w, https:\/\/tempusfugit.mx\/blogniebla\/wp-content\/uploads\/2022\/06\/Serie-El-p\u00e1jaro-de-fuego-Loiseau-de-Feu-Stravinsky-Aparicion-del-p\u00e1jaro-de-fuegoSCH-copia-750x484.png 750w\" sizes=\"(max-width: 150px) 100vw, 150px\" \/><\/a><\/p>\n<p><iframe loading=\"lazy\" title=\"YouTube video player\" src=\"https:\/\/www.youtube.com\/embed\/gN1NSrcLqpA\" width=\"560\" height=\"315\" frameborder=\"0\" allowfullscreen=\"allowfullscreen\"><\/iframe><\/p>\n<h4><a href=\"https:\/\/tempusfugit.mx\/blogniebla\/graficos-sueltos-y-pruebas-de-autor\/\">Gr\u00e1ficos sueltos y pruebas de autor<\/a><\/h4>\n<p><a href=\"https:\/\/tempusfugit.mx\/blogniebla\/graficos-sueltos-y-pruebas-de-autor\/\"><img decoding=\"async\" loading=\"lazy\" class=\"alignnone wp-image-588\" src=\"https:\/\/tempusfugit.mx\/blogniebla\/wp-content\/uploads\/2022\/06\/Pruebas-de-autor-Trebejos-300x232.png\" alt=\"\" width=\"150\" height=\"116\" srcset=\"https:\/\/tempusfugit.mx\/blogniebla\/wp-content\/uploads\/2022\/06\/Pruebas-de-autor-Trebejos-300x232.png 300w, https:\/\/tempusfugit.mx\/blogniebla\/wp-content\/uploads\/2022\/06\/Pruebas-de-autor-Trebejos-768x594.png 768w, https:\/\/tempusfugit.mx\/blogniebla\/wp-content\/uploads\/2022\/06\/Pruebas-de-autor-Trebejos-1024x791.png 1024w, https:\/\/tempusfugit.mx\/blogniebla\/wp-content\/uploads\/2022\/06\/Pruebas-de-autor-Trebejos-750x580.png 750w, https:\/\/tempusfugit.mx\/blogniebla\/wp-content\/uploads\/2022\/06\/Pruebas-de-autor-Trebejos.png 1981w\" sizes=\"(max-width: 150px) 100vw, 150px\" \/><\/a><a href=\"https:\/\/tempusfugit.mx\/blogniebla\/graficos-sueltos-y-pruebas-de-autor\/\"><img decoding=\"async\" loading=\"lazy\" class=\"alignnone wp-image-586\" src=\"https:\/\/tempusfugit.mx\/blogniebla\/wp-content\/uploads\/2022\/06\/Pruebas-de-autor-Pluralidad-copia-300x232.png\" alt=\"\" width=\"150\" height=\"116\" srcset=\"https:\/\/tempusfugit.mx\/blogniebla\/wp-content\/uploads\/2022\/06\/Pruebas-de-autor-Pluralidad-copia-300x232.png 300w, https:\/\/tempusfugit.mx\/blogniebla\/wp-content\/uploads\/2022\/06\/Pruebas-de-autor-Pluralidad-copia-768x594.png 768w, https:\/\/tempusfugit.mx\/blogniebla\/wp-content\/uploads\/2022\/06\/Pruebas-de-autor-Pluralidad-copia-1024x791.png 1024w, https:\/\/tempusfugit.mx\/blogniebla\/wp-content\/uploads\/2022\/06\/Pruebas-de-autor-Pluralidad-copia-750x580.png 750w, https:\/\/tempusfugit.mx\/blogniebla\/wp-content\/uploads\/2022\/06\/Pruebas-de-autor-Pluralidad-copia.png 1981w\" sizes=\"(max-width: 150px) 100vw, 150px\" \/><\/a><a href=\"https:\/\/tempusfugit.mx\/blogniebla\/graficos-sueltos-y-pruebas-de-autor\/\"><img decoding=\"async\" loading=\"lazy\" class=\"alignnone wp-image-589\" src=\"https:\/\/tempusfugit.mx\/blogniebla\/wp-content\/uploads\/2022\/06\/Pruebas-de-autorAlfil-Caballo-Torre-300x232.png\" alt=\"\" width=\"150\" height=\"116\" srcset=\"https:\/\/tempusfugit.mx\/blogniebla\/wp-content\/uploads\/2022\/06\/Pruebas-de-autorAlfil-Caballo-Torre-300x232.png 300w, https:\/\/tempusfugit.mx\/blogniebla\/wp-content\/uploads\/2022\/06\/Pruebas-de-autorAlfil-Caballo-Torre-768x594.png 768w, https:\/\/tempusfugit.mx\/blogniebla\/wp-content\/uploads\/2022\/06\/Pruebas-de-autorAlfil-Caballo-Torre-1024x791.png 1024w, https:\/\/tempusfugit.mx\/blogniebla\/wp-content\/uploads\/2022\/06\/Pruebas-de-autorAlfil-Caballo-Torre-750x580.png 750w, https:\/\/tempusfugit.mx\/blogniebla\/wp-content\/uploads\/2022\/06\/Pruebas-de-autorAlfil-Caballo-Torre.png 1981w\" sizes=\"(max-width: 150px) 100vw, 150px\" \/><\/a><a href=\"https:\/\/tempusfugit.mx\/blogniebla\/serie-el-pajaro-de-fuego-loiseau-de-feu-stravinsky\/\"><img decoding=\"async\" loading=\"lazy\" class=\"alignnone wp-image-587\" src=\"https:\/\/tempusfugit.mx\/blogniebla\/wp-content\/uploads\/2022\/06\/Pruebas-de-autor-Torre-Dama-300x232.png\" alt=\"\" width=\"150\" height=\"116\" srcset=\"https:\/\/tempusfugit.mx\/blogniebla\/wp-content\/uploads\/2022\/06\/Pruebas-de-autor-Torre-Dama-300x232.png 300w, https:\/\/tempusfugit.mx\/blogniebla\/wp-content\/uploads\/2022\/06\/Pruebas-de-autor-Torre-Dama-768x594.png 768w, https:\/\/tempusfugit.mx\/blogniebla\/wp-content\/uploads\/2022\/06\/Pruebas-de-autor-Torre-Dama-1024x791.png 1024w, https:\/\/tempusfugit.mx\/blogniebla\/wp-content\/uploads\/2022\/06\/Pruebas-de-autor-Torre-Dama-750x580.png 750w, https:\/\/tempusfugit.mx\/blogniebla\/wp-content\/uploads\/2022\/06\/Pruebas-de-autor-Torre-Dama.png 1981w\" sizes=\"(max-width: 150px) 100vw, 150px\" \/><\/a><\/p>\n<p>&nbsp;<\/p>\n<p>Tambi\u00e9n podr\u00eda interesarle:<br \/>\n<a href=\"https:\/\/tempusfugit.mx\/blogniebla\/reproducciones-de-grabados-de-escher\/\">Reproducciones en offset de grabados de M.C. Escher. Enmarcadas<\/a><\/p>\n<p>&nbsp;<\/p>\n<p>&nbsp;<\/p>\n","protected":false},"excerpt":{"rendered":"<p>Gr\u00e1fica contempor\u00e1nea original. Las Series de autor de Niebla Morada son tirajes reducidos de impresos digitales de alta calidad, en papel algod\u00f3n. Las estampas son numeradas y van firmadas por el autor. Cada serie tiene un n\u00famero reducido de ejemplares. Si est\u00e1 interesado en adquirir alguna serie o una pieza suelta de la serie, visite [&hellip;]<\/p>\n","protected":false},"author":1,"featured_media":155,"parent":0,"menu_order":0,"comment_status":"open","ping_status":"closed","template":"","meta":[],"_links":{"self":[{"href":"https:\/\/tempusfugit.mx\/blogniebla\/wp-json\/wp\/v2\/pages\/150"}],"collection":[{"href":"https:\/\/tempusfugit.mx\/blogniebla\/wp-json\/wp\/v2\/pages"}],"about":[{"href":"https:\/\/tempusfugit.mx\/blogniebla\/wp-json\/wp\/v2\/types\/page"}],"author":[{"embeddable":true,"href":"https:\/\/tempusfugit.mx\/blogniebla\/wp-json\/wp\/v2\/users\/1"}],"replies":[{"embeddable":true,"href":"https:\/\/tempusfugit.mx\/blogniebla\/wp-json\/wp\/v2\/comments?post=150"}],"version-history":[{"count":32,"href":"https:\/\/tempusfugit.mx\/blogniebla\/wp-json\/wp\/v2\/pages\/150\/revisions"}],"predecessor-version":[{"id":660,"href":"https:\/\/tempusfugit.mx\/blogniebla\/wp-json\/wp\/v2\/pages\/150\/revisions\/660"}],"wp:featuredmedia":[{"embeddable":true,"href":"https:\/\/tempusfugit.mx\/blogniebla\/wp-json\/wp\/v2\/media\/155"}],"wp:attachment":[{"href":"https:\/\/tempusfugit.mx\/blogniebla\/wp-json\/wp\/v2\/media?parent=150"}],"curies":[{"name":"wp","href":"https:\/\/api.w.org\/{rel}","templated":true}]}}