{"id":198,"date":"2019-12-11T19:19:49","date_gmt":"2019-12-11T19:19:49","guid":{"rendered":"http:\/\/tempusfugit.mx\/blogniebla\/?page_id=198"},"modified":"2022-07-24T16:27:21","modified_gmt":"2022-07-24T16:27:21","slug":"sobre-las-opiniones-vertidas-en-redes-sobre-el-zapata-gay","status":"publish","type":"page","link":"https:\/\/tempusfugit.mx\/blogniebla\/articulos-sobre-creatividad-y-diseno\/sobre-las-opiniones-vertidas-en-redes-sobre-el-zapata-gay\/","title":{"rendered":"De las opiniones vertidas en \u00abredes\u00bb sobre el \u00abZapata gay\u00bb"},"content":{"rendered":"<figure id=\"attachment_203\" aria-describedby=\"caption-attachment-203\" style=\"width: 300px\" class=\"wp-caption alignnone\"><img decoding=\"async\" loading=\"lazy\" class=\"size-medium wp-image-203\" src=\"https:\/\/tempusfugit.mx\/blogniebla\/wp-content\/uploads\/2019\/12\/Zapata-Gay-300x225.jpg\" alt=\"\" width=\"300\" height=\"225\" srcset=\"https:\/\/tempusfugit.mx\/blogniebla\/wp-content\/uploads\/2019\/12\/Zapata-Gay-300x225.jpg 300w, https:\/\/tempusfugit.mx\/blogniebla\/wp-content\/uploads\/2019\/12\/Zapata-Gay.jpg 664w\" sizes=\"(max-width: 300px) 100vw, 300px\" \/><figcaption id=\"caption-attachment-203\" class=\"wp-caption-text\">La obra de Fabi\u00e1n Ch\u00e1irez forma parte de la exposici\u00f3n \u201cEmiliano. Zapata despu\u00e9s de Zapata\u201d, que se expone en el Museo de Palacio de Bellas Artes. Foto: @cultura_mx &#8211; Exposici\u00f3n en 2019\/2020<\/figcaption><\/figure>\n<p>&nbsp;<\/p>\n<p>Tomar\u00e9 como pretexto para este art\u00edculo algunas opiniones que surgieron en redes sociales cuando se viraliz\u00f3 una obra que aparentemente muestra un \u00abZapata gay\u00bb y con las que&#8230; para variar, difiero.<\/p>\n<p><em>A vuela pluma, con la intenci\u00f3n de escribir en serio sobre esto:<\/em><\/p>\n<p>La capacidad t\u00e9cnica de un pintor, esto es, lo que se entiende como \u00abbuena pintura\u00bb (tradicionalmente lo que se asocia con el academicismo) o lo convencionalmente establecido como \u00abbello\u00bb en un obra, no le confiere su car\u00e1cter de art\u00edstico.<br \/>\nLo bello en arte significa otra cosa muy distinta. La \u00abbuena pintura casi es arte\u00bb, dice un adagio, refiri\u00e9ndose a que lo art\u00edstico reside en la intenci\u00f3n de humanizar y transmitir un modo de percibir, una cosmogon\u00eda o una idea, una manera de sentir, y no en la manera de hacerlo o en la perfecci\u00f3n o virtuosismo empleado. Una de las definiciones de arte es \u00abaquello que, hecho por el hombre (feministas, no se exciten, hombre en su sentido de individuo de la especie Homo sapiens, sin distinguir si es masculino o femenino) tiene la intenci\u00f3n de despertar una emoci\u00f3n, y con ello una \u00abtoma de conciencia\u00bb con respecto a un tema, situaci\u00f3n o idea\u00bb. Y eso se logra por medio de lo que en est\u00e9tica ochocentista se conoce como Est\u00e9tica. \u00abLo bello\u00bb es una forma de entender lo est\u00e9tico, solo que lo bello se refiere a la emoci\u00f3n causada por la forma, no por el objeto en s\u00ed que lo causa. Lo bello, en arte, no es \u00ablo bonito\u00bb, o lo que nos gusta, o lo que convencionalmente nos remite al \u00abbuen gusto\u00bb, sino aquello que logra evocar una obra.<br \/>\nEn ese sentido, el arte, entendido contempor\u00e1neamente, se vale de diversas formas de suscitar esa emoci\u00f3n, que puede ser, dicho sea de paso, una emoci\u00f3n agradable, o una sorpresiva, o una de rechazo, o una que nos cimbre. O tambi\u00e9n una que nos haga replantear lo que consideramos correcto, o normal, o moral. Para ello se colocan \u00abinstalaciones\u00bb, se organizan \u00abhappenings\u00bb, se muestran \u00abobject trouves\u00bb (objetos existentes del mundo real, que, sin ser hechos por el artista, son escogidos por este para mostrarlos descontextualizados para lograr con ello que se vea otro aspecto de la realidad), ilustraciones de lo absurdo o lo on\u00edrico (como los surrealistas), o deformando con manierismo la realidad representada (como Botero, Modigliani o m\u00e1s atr\u00e1s e el tiempo, El Greco). Tambi\u00e9n se utilizan materiales y t\u00e9cnicas que no sol\u00edan estar catalogadas como \u00abart\u00edsticas\u00bb, como el arte poveri, el pl\u00e1stico o monitores de tv. Tan vastas son las posibilidades que se lleg\u00f3 ya al \u00abarte conceptual\u00bb, en el que la materia es solo un cascar\u00f3n prescindible.<br \/>\nDe tal manera que calificar a una obra por su val\u00eda t\u00e9cnica (decir: \u00ab<em>no parece una obra formal, parece solo una ilustraci\u00f3n muy barata y definitivamente sin elementos b\u00e1sicos para ser una pieza pict\u00f3rica<\/em>\u00ab, o \u00ab<em>Yo no veo como una pintura as\u00ed, sin nada que mostrar, pueda exhibirse en Bellas Artes<\/em>\u00ab) es un equ\u00edvoco muy com\u00fan al decidir lo que es arte (y su carga de intenci\u00f3n est\u00e9tica) y lo que no.<br \/>\nLas mismas frases se profer\u00edan a finales del xix cuando se dec\u00eda de las obras impresionistas que t\u00e9cnica y tem\u00e1ticamente eran obras sin valor. Se confund\u00eda la buena hechura y el buen gusto, con arte, y solo unos pocos comprend\u00edan que se iniciaba la ca\u00edda de \u00ablas buenas conciencias\u00bb que daba paso a las diferentes v\u00edas que se abr\u00edan ante los artistas para poder expresar (y contagiar o sucitar o evocar) y a las posibilidades est\u00e9ticas de lo que se llam\u00f3 despu\u00e9s \u00abarte moderno\u00bb, \u00abarte contempor\u00e1neo\u00bb o arte vanguardista (avant garde).<br \/>\nEl artista pl\u00e1stico contempor\u00e1neo muchas veces sacrifica la t\u00e9cnica en aras de despertar de manera inmediata una visi\u00f3n, una idea o un sentimiento. Son el equivalente material de \u00abla instant\u00e1nea\u00bb y en ello van buenas y malas obras, artistas m\u00e1s o menos talentosos. Pero ojo, su talento no reside en hacer obra perfeccionista, sino en saber ver lo que el com\u00fan de los mortales pasa por alto.<br \/>\nLos motivos son infinitos. Pueden ser o no ideol\u00f3gicos, o emocionales, o introspectivos o simple y llanamente decorativos.<br \/>\nPueden apelar a concienciar sobre maltrato a minor\u00edas (como los homosexuales o los inmigrantes) o a una visi\u00f3n m\u00e1s fraternal de la humanidad, o a las contradicciones sociales, ecol\u00f3gicas, ambientales o econ\u00f3micas&#8230; o pueden quedarse en la contemplaci\u00f3n de la realidad y la eliminaci\u00f3n de la angustia de la vor\u00e1gine de la existencia.<br \/>\nDel valor comercial de la obra, de su mercadeo en los c\u00edrculos mafiosos de galeristas y de la entronizaci\u00f3n del artista como \u00abautor de culto\u00bb hablar\u00e9 en otra ocasi\u00f3n.<\/p>\n","protected":false},"excerpt":{"rendered":"<p>&nbsp; Tomar\u00e9 como pretexto para este art\u00edculo algunas opiniones que surgieron en redes sociales cuando se viraliz\u00f3 una obra que aparentemente muestra un \u00abZapata gay\u00bb y con las que&#8230; para variar, difiero. A vuela pluma, con la intenci\u00f3n de escribir en serio sobre esto: La capacidad t\u00e9cnica de un pintor, esto es, lo que se [&hellip;]<\/p>\n","protected":false},"author":1,"featured_media":0,"parent":40,"menu_order":0,"comment_status":"open","ping_status":"closed","template":"","meta":[],"_links":{"self":[{"href":"https:\/\/tempusfugit.mx\/blogniebla\/wp-json\/wp\/v2\/pages\/198"}],"collection":[{"href":"https:\/\/tempusfugit.mx\/blogniebla\/wp-json\/wp\/v2\/pages"}],"about":[{"href":"https:\/\/tempusfugit.mx\/blogniebla\/wp-json\/wp\/v2\/types\/page"}],"author":[{"embeddable":true,"href":"https:\/\/tempusfugit.mx\/blogniebla\/wp-json\/wp\/v2\/users\/1"}],"replies":[{"embeddable":true,"href":"https:\/\/tempusfugit.mx\/blogniebla\/wp-json\/wp\/v2\/comments?post=198"}],"version-history":[{"count":10,"href":"https:\/\/tempusfugit.mx\/blogniebla\/wp-json\/wp\/v2\/pages\/198\/revisions"}],"predecessor-version":[{"id":650,"href":"https:\/\/tempusfugit.mx\/blogniebla\/wp-json\/wp\/v2\/pages\/198\/revisions\/650"}],"up":[{"embeddable":true,"href":"https:\/\/tempusfugit.mx\/blogniebla\/wp-json\/wp\/v2\/pages\/40"}],"wp:attachment":[{"href":"https:\/\/tempusfugit.mx\/blogniebla\/wp-json\/wp\/v2\/media?parent=198"}],"curies":[{"name":"wp","href":"https:\/\/api.w.org\/{rel}","templated":true}]}}