{"id":298,"date":"2021-05-13T01:04:50","date_gmt":"2021-05-13T01:04:50","guid":{"rendered":"http:\/\/tempusfugit.mx\/blogniebla\/?page_id=298"},"modified":"2021-06-30T18:04:58","modified_gmt":"2021-06-30T18:04:58","slug":"boceto-para-vitral-el-jarabe-tapatio","status":"publish","type":"page","link":"https:\/\/tempusfugit.mx\/blogniebla\/grafica-a-la-venta\/boceto-para-vitral-el-jarabe-tapatio\/","title":{"rendered":"Bosquejo para vitral \u00abEl jarabe Tapat\u00edo\u00bb"},"content":{"rendered":"<figure id=\"attachment_302\" aria-describedby=\"caption-attachment-302\" style=\"width: 500px\" class=\"wp-caption alignnone\"><a href=\"https:\/\/tempusfugit.mx\/blogniebla\/wp-content\/uploads\/2021\/05\/IMG_6163-corr.jpg\"><img decoding=\"async\" loading=\"lazy\" class=\"wp-image-302\" src=\"https:\/\/tempusfugit.mx\/blogniebla\/wp-content\/uploads\/2021\/05\/IMG_6163-corr-300x225.jpg\" alt=\"\" width=\"500\" height=\"375\" srcset=\"https:\/\/tempusfugit.mx\/blogniebla\/wp-content\/uploads\/2021\/05\/IMG_6163-corr-300x225.jpg 300w, https:\/\/tempusfugit.mx\/blogniebla\/wp-content\/uploads\/2021\/05\/IMG_6163-corr-768x576.jpg 768w, https:\/\/tempusfugit.mx\/blogniebla\/wp-content\/uploads\/2021\/05\/IMG_6163-corr-1024x768.jpg 1024w, https:\/\/tempusfugit.mx\/blogniebla\/wp-content\/uploads\/2021\/05\/IMG_6163-corr-750x563.jpg 750w\" sizes=\"(max-width: 500px) 100vw, 500px\" \/><\/a><figcaption id=\"caption-attachment-302\" class=\"wp-caption-text\">Clic para zoom.<\/figcaption><\/figure>\n<p>Una de las obras que perteneci\u00f3 a mi abuela, Ana Mar\u00eda O. de Prieto, finada en 1992, y de cuyo primer marido, Salvador S\u00e1nchez de la Barquera, hered\u00f3 en los a\u00f1os 20&#8217;s del siglo XX, es un boceto a color del famoso vitral \u00abEl jar\u00e1be tapat\u00edo\u00bb.<\/p>\n<p>Ese vitral, que se encuentra en el actual Museo de las Constituciones, antiguo templo de San Pedro y San Pablo, en la CDMX, junto con otro, llamado \u00abVendedora de pericos\u00bb, son encargos hechos por Jos\u00e9 Vasconcelos al reci\u00e9n desembarcado de Europa, Roberto Montenegro, autor ni m\u00e1s ni menos que del primer mural mexicano de lo que ser\u00eda la gran tradici\u00f3n muralista nacional.<\/p>\n<p>Los bosquejos de ambas obras fueron presentados en la exposici\u00f3n individual \u201cDibujos de refinamiento\u201d de Roberto Montenegro, inaugurada en 1921 por Vasconcelos en la Antigua Academia de San Carlos.<\/p>\n<p>Montenegro combin\u00f3 las tendencias naturalistas del modernismo con la representaci\u00f3n de escenas populares. En los vitrales se aprecian formas humanas estilizadas y rostros orientalizados en medio de un ambiente claramente rural: un charro y una china poblana bailando un jarabe, y la escena de un mercado en la que el personaje principal es una vendedora de pericos.<\/p>\n<p>La obra que estuvo en la casa familiar durante decenios, es una acuarela con tinta , sobre papel y se encuentra en su enmarcado original desde esas fechas, no es de la mano de Montenegro, sino de un artista cuyas iniciales son J.B.J. sin embargo, dadas las coincidencias casi milim\u00e9tricas con el dibujo del emplomado, parece haber sido copiada del boceto original de Montenegro, por alguien cercano a \u00e9l o al taller de\u00a0Enrique Villase\u00f1or, que fue quien realiz\u00f3 los vitrales entre 1921-1922, con t\u00e9cnica de emplomado con grisalla y de dimensiones de 3.47 x 6.84 m.<\/p>\n<p>&nbsp;<\/p>\n<figure id=\"attachment_301\" aria-describedby=\"caption-attachment-301\" style=\"width: 175px\" class=\"wp-caption alignleft\"><a href=\"https:\/\/tempusfugit.mx\/blogniebla\/wp-content\/uploads\/2021\/05\/home-uno.jpg\"><img decoding=\"async\" loading=\"lazy\" class=\"wp-image-301 size-medium\" src=\"https:\/\/tempusfugit.mx\/blogniebla\/wp-content\/uploads\/2021\/05\/home-uno-175x300.jpg\" alt=\"\" width=\"175\" height=\"300\" srcset=\"https:\/\/tempusfugit.mx\/blogniebla\/wp-content\/uploads\/2021\/05\/home-uno-175x300.jpg 175w, https:\/\/tempusfugit.mx\/blogniebla\/wp-content\/uploads\/2021\/05\/home-uno-768x1313.jpg 768w, https:\/\/tempusfugit.mx\/blogniebla\/wp-content\/uploads\/2021\/05\/home-uno-599x1024.jpg 599w, https:\/\/tempusfugit.mx\/blogniebla\/wp-content\/uploads\/2021\/05\/home-uno-750x1283.jpg 750w, https:\/\/tempusfugit.mx\/blogniebla\/wp-content\/uploads\/2021\/05\/home-uno.jpg 1000w\" sizes=\"(max-width: 175px) 100vw, 175px\" \/><\/a><figcaption id=\"caption-attachment-301\" class=\"wp-caption-text\">Clic para zoom<\/figcaption><\/figure>\n<p><strong>Roberto Montenegro, 1881-1968<\/strong><br \/>\nPremio Nacional de las Artes. Nacido en Guadalajara, Jalisco en 1881, el pintor y muralista Roberto Montenegro, hered\u00f3 su amor al arte de su t\u00edo, quien le dio sus primeras lecciones de pintura. Contribuy\u00f3 con ilustraciones y vi\u00f1etas en la Revista Moderna y m\u00e1s tarde se mud\u00f3 a la ciudad de M\u00e9xico. Estudi\u00f3 en la Academia de San Carlos bajo la tutela de Julio Ruelas, Antonio Fabr\u00e9s y Germ\u00e1n Gedovius. Vivi\u00f3 en Europa hasta 1921, donde trabaj\u00f3 con importantes artistas espa\u00f1oles, franceses y belgas. En M\u00e9xico, Jos\u00e9 Vasconcelos lo comision\u00f3 para realizar diversos murales en la Secretaria de Educaci\u00f3n P\u00fablica, en la Escuela Benito Ju\u00e1rez, en la Librer\u00eda Iberoamericana y en la Escuela Nacional de Maestros. Como escritor y cr\u00edtico, junto con otros artistas contempor\u00e1neos, trat\u00f3 de apartar la atenci\u00f3n del arte europeo introduciendo el arte popular mexicano al p\u00fablico. Su vasto conjunto de obras incluye pintura, grabado, ilustraciones de libros, vi\u00f1etas y vitrales. Fue fundador de la Academia de Artes, y muri\u00f3 en Morelia, Michoac\u00e1n en 1968.<\/p>\n<p><strong>El bosquejo de \u00abEl jarabe tapat\u00edo\u00bb<\/strong><\/p>\n<p>A continuaci\u00f3n presento un video comparativo entre el bosquejo que poseemos y el vitral del Museo de las Constituciones, superponiendo ambas im\u00e1genes, por seccion. En varias partes del bosquejo aparecen detalles que no tiene el vitral. Por ejemplo en el pie del hombre de la extrema derecha, o los arcos m\u00e1s definidos que en el vitral, que se dejan ver entre las piernas del mismo personaje.<\/p>\n<p>Las caras de los m\u00fasicos, la sutileza de la bailadora y las vasijas y frutos del piso, son trazos m\u00e1s f\u00e1ciles de realizar en un boceto de papel que en un emplomado con vidrios recortados, por ello, y por conocer de otro bosquejo, de dimensiones similares, pero del vitral \u00abVendedora de pericos\u00bb, en tinta y acuarela, ese s\u00ed, de manos de Montenegro, deduzco, sin mucho conocimiento, que bien puede ser debido a que no se copi\u00f3 del vitral, sino de otro bosquejo, casi calcado&#8230;<\/p>\n<div style=\"width: 778px;\" class=\"wp-video\"><!--[if lt IE 9]><script>document.createElement('video');<\/script><![endif]-->\n<video class=\"wp-video-shortcode\" id=\"video-298-1\" width=\"778\" height=\"480\" preload=\"metadata\" controls=\"controls\"><source type=\"video\/mp4\" src=\"https:\/\/tempusfugit.mx\/blogniebla\/wp-content\/uploads\/2021\/05\/vitral-Montenegro-comparado-con-pintura.mp4?_=1\" \/><a href=\"https:\/\/tempusfugit.mx\/blogniebla\/wp-content\/uploads\/2021\/05\/vitral-Montenegro-comparado-con-pintura.mp4\">https:\/\/tempusfugit.mx\/blogniebla\/wp-content\/uploads\/2021\/05\/vitral-Montenegro-comparado-con-pintura.mp4<\/a><\/video><\/div>\n<p>&nbsp;<\/p>\n<p><strong>Detalles del cuadro<\/strong><\/p>\n<p>El vitral en el museo:<\/p>\n<p><a href=\"https:\/\/tempusfugit.mx\/blogniebla\/wp-content\/uploads\/2021\/05\/vitrales-roberto-montenegro-1.jpg\"><img decoding=\"async\" loading=\"lazy\" class=\"alignnone wp-image-308\" src=\"https:\/\/tempusfugit.mx\/blogniebla\/wp-content\/uploads\/2021\/05\/vitrales-roberto-montenegro-1-300x159.jpg\" alt=\"\" width=\"500\" height=\"266\" srcset=\"https:\/\/tempusfugit.mx\/blogniebla\/wp-content\/uploads\/2021\/05\/vitrales-roberto-montenegro-1-300x159.jpg 300w, https:\/\/tempusfugit.mx\/blogniebla\/wp-content\/uploads\/2021\/05\/vitrales-roberto-montenegro-1-768x408.jpg 768w, https:\/\/tempusfugit.mx\/blogniebla\/wp-content\/uploads\/2021\/05\/vitrales-roberto-montenegro-1-1024x544.jpg 1024w, https:\/\/tempusfugit.mx\/blogniebla\/wp-content\/uploads\/2021\/05\/vitrales-roberto-montenegro-1-750x399.jpg 750w, https:\/\/tempusfugit.mx\/blogniebla\/wp-content\/uploads\/2021\/05\/vitrales-roberto-montenegro-1.jpg 1882w\" sizes=\"(max-width: 500px) 100vw, 500px\" \/><\/a><\/p>\n<p>Acercamientos secciones del bosquejo (dar clic para acercamiento):<\/p>\n<p><a href=\"https:\/\/tempusfugit.mx\/blogniebla\/wp-content\/uploads\/2021\/05\/IMG_6164.jpg\"><img decoding=\"async\" loading=\"lazy\" class=\"alignnone size-medium wp-image-309\" src=\"https:\/\/tempusfugit.mx\/blogniebla\/wp-content\/uploads\/2021\/05\/IMG_6164-300x225.jpg\" alt=\"\" width=\"300\" height=\"225\" srcset=\"https:\/\/tempusfugit.mx\/blogniebla\/wp-content\/uploads\/2021\/05\/IMG_6164-300x225.jpg 300w, https:\/\/tempusfugit.mx\/blogniebla\/wp-content\/uploads\/2021\/05\/IMG_6164-768x576.jpg 768w, https:\/\/tempusfugit.mx\/blogniebla\/wp-content\/uploads\/2021\/05\/IMG_6164-1024x768.jpg 1024w, https:\/\/tempusfugit.mx\/blogniebla\/wp-content\/uploads\/2021\/05\/IMG_6164-750x563.jpg 750w\" sizes=\"(max-width: 300px) 100vw, 300px\" \/><\/a><\/p>\n<p><a href=\"https:\/\/tempusfugit.mx\/blogniebla\/wp-content\/uploads\/2021\/05\/IMG_6165.jpg\"><img decoding=\"async\" loading=\"lazy\" class=\"alignnone size-medium wp-image-310\" src=\"https:\/\/tempusfugit.mx\/blogniebla\/wp-content\/uploads\/2021\/05\/IMG_6165-256x300.jpg\" alt=\"\" width=\"256\" height=\"300\" srcset=\"https:\/\/tempusfugit.mx\/blogniebla\/wp-content\/uploads\/2021\/05\/IMG_6165-256x300.jpg 256w, https:\/\/tempusfugit.mx\/blogniebla\/wp-content\/uploads\/2021\/05\/IMG_6165-768x899.jpg 768w, https:\/\/tempusfugit.mx\/blogniebla\/wp-content\/uploads\/2021\/05\/IMG_6165-875x1024.jpg 875w, https:\/\/tempusfugit.mx\/blogniebla\/wp-content\/uploads\/2021\/05\/IMG_6165-750x878.jpg 750w\" sizes=\"(max-width: 256px) 100vw, 256px\" \/><\/a><\/p>\n<p><a href=\"https:\/\/tempusfugit.mx\/blogniebla\/wp-content\/uploads\/2021\/05\/IMG_6166.jpg\"><img decoding=\"async\" loading=\"lazy\" class=\"alignnone size-medium wp-image-311\" src=\"https:\/\/tempusfugit.mx\/blogniebla\/wp-content\/uploads\/2021\/05\/IMG_6166-300x225.jpg\" alt=\"\" width=\"300\" height=\"225\" srcset=\"https:\/\/tempusfugit.mx\/blogniebla\/wp-content\/uploads\/2021\/05\/IMG_6166-300x225.jpg 300w, https:\/\/tempusfugit.mx\/blogniebla\/wp-content\/uploads\/2021\/05\/IMG_6166-768x576.jpg 768w, https:\/\/tempusfugit.mx\/blogniebla\/wp-content\/uploads\/2021\/05\/IMG_6166-1024x768.jpg 1024w, https:\/\/tempusfugit.mx\/blogniebla\/wp-content\/uploads\/2021\/05\/IMG_6166-750x563.jpg 750w\" sizes=\"(max-width: 300px) 100vw, 300px\" \/><\/a><\/p>\n<p><strong>Ficha t\u00e9cnica:<\/strong><br \/>\nCuadro \u00abEl jarabe tapat\u00edo\u00bb<br \/>\nObra original de Roberto Montenegro Nervo cuyo<br \/>\nvitral se encuentra en el Museo de las Constituciones, CDMEX.<br \/>\nReproducci\u00f3n en bosquejo, en tinta coloreada sobre papel.<br \/>\nFirma al calce J.B.J<\/p>\n<p>Base 75.5 cm<br \/>\nAltura 38.5 cm<br \/>\nMarialuisa 90 cm x 58.5 cm<br \/>\nCuadro enmarcado hace d\u00e9cadas<\/p>\n<p>Vidrio convencional<br \/>\n107 cm x 76 cm<\/p>\n<p><strong>Actualmente la obra se encuentra en venta.<\/strong><br \/>\n<strong>Interesados:<\/strong><br \/>\n<a href=\"mailto:javier@nieblamorada.com\"><strong>javier@nieblamorada.com<\/strong><\/a><\/p>\n<p>&nbsp;<\/p>\n<p><strong>Ap\u00e9ndice<\/strong><\/p>\n<p>Otro boceto del vitral \u00abVendedora de pericos\u00bb, del que hablo anteriormente.<\/p>\n<p><a href=\"https:\/\/tempusfugit.mx\/blogniebla\/wp-content\/uploads\/2021\/05\/ano_ramirez01_01.jpg\"><img decoding=\"async\" loading=\"lazy\" class=\"alignnone size-medium wp-image-312\" src=\"https:\/\/tempusfugit.mx\/blogniebla\/wp-content\/uploads\/2021\/05\/ano_ramirez01_01-300x153.jpg\" alt=\"\" width=\"300\" height=\"153\" srcset=\"https:\/\/tempusfugit.mx\/blogniebla\/wp-content\/uploads\/2021\/05\/ano_ramirez01_01-300x153.jpg 300w, https:\/\/tempusfugit.mx\/blogniebla\/wp-content\/uploads\/2021\/05\/ano_ramirez01_01.jpg 433w\" sizes=\"(max-width: 300px) 100vw, 300px\" \/><\/a><\/p>\n<p>Visita online el Museo de las Constituciones:<br \/>\n<a href=\"https:\/\/museodelasconstituciones.unam.mx\/museo\/el-recinto\/\">https:\/\/museodelasconstituciones.unam.mx\/museo\/el-recinto\/<\/a><\/p>\n<p>&nbsp;<\/p>\n<p>&nbsp;<\/p>\n<p>&nbsp;<\/p>\n","protected":false},"excerpt":{"rendered":"<p>Una de las obras que perteneci\u00f3 a mi abuela, Ana Mar\u00eda O. de Prieto, finada en 1992, y de cuyo primer marido, Salvador S\u00e1nchez de la Barquera, hered\u00f3 en los a\u00f1os 20&#8217;s del siglo XX, es un boceto a color del famoso vitral \u00abEl jar\u00e1be tapat\u00edo\u00bb. Ese vitral, que se encuentra en el actual Museo [&hellip;]<\/p>\n","protected":false},"author":1,"featured_media":0,"parent":150,"menu_order":0,"comment_status":"closed","ping_status":"closed","template":"","meta":[],"_links":{"self":[{"href":"https:\/\/tempusfugit.mx\/blogniebla\/wp-json\/wp\/v2\/pages\/298"}],"collection":[{"href":"https:\/\/tempusfugit.mx\/blogniebla\/wp-json\/wp\/v2\/pages"}],"about":[{"href":"https:\/\/tempusfugit.mx\/blogniebla\/wp-json\/wp\/v2\/types\/page"}],"author":[{"embeddable":true,"href":"https:\/\/tempusfugit.mx\/blogniebla\/wp-json\/wp\/v2\/users\/1"}],"replies":[{"embeddable":true,"href":"https:\/\/tempusfugit.mx\/blogniebla\/wp-json\/wp\/v2\/comments?post=298"}],"version-history":[{"count":21,"href":"https:\/\/tempusfugit.mx\/blogniebla\/wp-json\/wp\/v2\/pages\/298\/revisions"}],"predecessor-version":[{"id":334,"href":"https:\/\/tempusfugit.mx\/blogniebla\/wp-json\/wp\/v2\/pages\/298\/revisions\/334"}],"up":[{"embeddable":true,"href":"https:\/\/tempusfugit.mx\/blogniebla\/wp-json\/wp\/v2\/pages\/150"}],"wp:attachment":[{"href":"https:\/\/tempusfugit.mx\/blogniebla\/wp-json\/wp\/v2\/media?parent=298"}],"curies":[{"name":"wp","href":"https:\/\/api.w.org\/{rel}","templated":true}]}}