{"id":489,"date":"2022-06-15T21:09:54","date_gmt":"2022-06-15T21:09:54","guid":{"rendered":"http:\/\/tempusfugit.mx\/blogniebla\/?page_id=489"},"modified":"2025-11-19T22:13:46","modified_gmt":"2025-11-19T22:13:46","slug":"serie-homenaje-a-marcel-duchamp-bis","status":"publish","type":"page","link":"https:\/\/tempusfugit.mx\/blogniebla\/serie-homenaje-a-marcel-duchamp-bis\/","title":{"rendered":"Serie \u00abHomenaje a Marcel Duchamp\u00bb Bis"},"content":{"rendered":"<p>Una serie alterna sobre el mismo tema de la primera serie con ese tema, pero con otra paleta de colores.<\/p>\n<p>Basada en el dise\u00f1o de las piezas de ajedrez del famoso artista dada\u00edsta Marcel Duchamp, quien fuera un fuerte jugador de ajedrez y que jug\u00f3 representando a Francia en varias olimpiadas.<\/p>\n<p><a href=\"https:\/\/tempusfugit.mx\/blogniebla\/wp-content\/uploads\/2022\/06\/Serie-2-Homenaje-a-Marcel-Duchamp-Rey-y-peonSCH-copia.png\"><img decoding=\"async\" loading=\"lazy\" class=\"alignnone wp-image-496\" src=\"https:\/\/tempusfugit.mx\/blogniebla\/wp-content\/uploads\/2022\/06\/Serie-2-Homenaje-a-Marcel-Duchamp-Rey-y-peonSCH-copia-300x232.png\" alt=\"\" width=\"600\" height=\"464\" srcset=\"https:\/\/tempusfugit.mx\/blogniebla\/wp-content\/uploads\/2022\/06\/Serie-2-Homenaje-a-Marcel-Duchamp-Rey-y-peonSCH-copia-300x232.png 300w, https:\/\/tempusfugit.mx\/blogniebla\/wp-content\/uploads\/2022\/06\/Serie-2-Homenaje-a-Marcel-Duchamp-Rey-y-peonSCH-copia-768x594.png 768w, https:\/\/tempusfugit.mx\/blogniebla\/wp-content\/uploads\/2022\/06\/Serie-2-Homenaje-a-Marcel-Duchamp-Rey-y-peonSCH-copia-1024x791.png 1024w, https:\/\/tempusfugit.mx\/blogniebla\/wp-content\/uploads\/2022\/06\/Serie-2-Homenaje-a-Marcel-Duchamp-Rey-y-peonSCH-copia-750x580.png 750w, https:\/\/tempusfugit.mx\/blogniebla\/wp-content\/uploads\/2022\/06\/Serie-2-Homenaje-a-Marcel-Duchamp-Rey-y-peonSCH-copia.png 1981w\" sizes=\"(max-width: 600px) 100vw, 600px\" \/><\/a><\/p>\n<p><em><strong>Rey y Pe\u00f3n Bis<br \/>\n<\/strong><\/em>Medidas 60 x 40 cm incluye marialuisa.<br \/>\nImpresa digitalmente papel de algod\u00f3n de alta calidad.<br \/>\nAlt\u00edsima definici\u00f3n<br \/>\nNumerada y firmada por el autor.<br \/>\nSe entrega Certificado de Origen.<br \/>\nPrecio pieza suelta<br \/>\n<strong>$4,800 pesos<\/strong><\/p>\n<form action=\"https:\/\/www.paypal.com\/cgi-bin\/webscr\" method=\"post\" target=\"_top\"><input name=\"cmd\" type=\"hidden\" value=\"_s-xclick\" \/><br \/>\n<input name=\"hosted_button_id\" type=\"hidden\" value=\"UX4GX86GJT9AL\" \/><br \/>\n<input alt=\"PayPal, la forma m\u00e1s segura y r\u00e1pida de pagar en l\u00ednea.\" name=\"submit\" src=\"https:\/\/www.paypalobjects.com\/es_XC\/MX\/i\/btn\/btn_buynowCC_LG.gif\" type=\"image\" \/><br \/>\n<img decoding=\"async\" loading=\"lazy\" src=\"https:\/\/www.paypalobjects.com\/es_XC\/i\/scr\/pixel.gif\" alt=\"\" width=\"1\" height=\"1\" border=\"0\" \/><\/form>\n<h6>El env\u00edo tiene un costo de $350 pesos y se coloca en mensajer\u00eda 5 d\u00edas despu\u00e9s del pago.<\/h6>\n<p><a href=\"https:\/\/tempusfugit.mx\/blogniebla\/wp-content\/uploads\/2022\/06\/Serie-2-Homenaje-a-Marcel-Duchamp-PeonesSCH-copia.png\"><img decoding=\"async\" loading=\"lazy\" class=\"alignnone wp-image-495\" src=\"https:\/\/tempusfugit.mx\/blogniebla\/wp-content\/uploads\/2022\/06\/Serie-2-Homenaje-a-Marcel-Duchamp-PeonesSCH-copia-300x232.png\" alt=\"\" width=\"600\" height=\"464\" srcset=\"https:\/\/tempusfugit.mx\/blogniebla\/wp-content\/uploads\/2022\/06\/Serie-2-Homenaje-a-Marcel-Duchamp-PeonesSCH-copia-300x232.png 300w, https:\/\/tempusfugit.mx\/blogniebla\/wp-content\/uploads\/2022\/06\/Serie-2-Homenaje-a-Marcel-Duchamp-PeonesSCH-copia-768x594.png 768w, https:\/\/tempusfugit.mx\/blogniebla\/wp-content\/uploads\/2022\/06\/Serie-2-Homenaje-a-Marcel-Duchamp-PeonesSCH-copia-1024x791.png 1024w, https:\/\/tempusfugit.mx\/blogniebla\/wp-content\/uploads\/2022\/06\/Serie-2-Homenaje-a-Marcel-Duchamp-PeonesSCH-copia-750x580.png 750w, https:\/\/tempusfugit.mx\/blogniebla\/wp-content\/uploads\/2022\/06\/Serie-2-Homenaje-a-Marcel-Duchamp-PeonesSCH-copia.png 1981w\" sizes=\"(max-width: 600px) 100vw, 600px\" \/><\/a><br \/>\n<em><strong>Peones Bis<\/strong><\/em><br \/>\nMedidas 60 x 40 cm incluye marialuisa.<br \/>\nImpresa digitalmente papel de algod\u00f3n de alta calidad.<br \/>\nAlt\u00edsima definici\u00f3n.<br \/>\nNumerada y firmada por el autor.<br \/>\nSe entrega Certificado de Origen.<br \/>\nPrecio pieza suelta<br \/>\n<strong>$4,800 pesos<\/strong><\/p>\n<form action=\"https:\/\/www.paypal.com\/cgi-bin\/webscr\" method=\"post\" target=\"_top\"><input name=\"cmd\" type=\"hidden\" value=\"_s-xclick\" \/><br \/>\n<input name=\"hosted_button_id\" type=\"hidden\" value=\"N7DQCTWWGABLJ\" \/><br \/>\n<input alt=\"PayPal, la forma m\u00e1s segura y r\u00e1pida de pagar en l\u00ednea.\" name=\"submit\" src=\"https:\/\/www.paypalobjects.com\/es_XC\/MX\/i\/btn\/btn_buynowCC_LG.gif\" type=\"image\" \/><br \/>\n<img decoding=\"async\" loading=\"lazy\" src=\"https:\/\/www.paypalobjects.com\/es_XC\/i\/scr\/pixel.gif\" alt=\"\" width=\"1\" height=\"1\" border=\"0\" \/><\/form>\n<h6>El env\u00edo tiene un costo de $350 pesos y se coloca en mensajer\u00eda 5 d\u00edas despu\u00e9s del pago.<\/h6>\n<p><a href=\"https:\/\/tempusfugit.mx\/blogniebla\/wp-content\/uploads\/2022\/06\/Serie-2-Homenaje-a-Marcel-Duchamp-AlfilesSCH-copia.png\"><img decoding=\"async\" loading=\"lazy\" class=\"alignnone wp-image-492\" src=\"https:\/\/tempusfugit.mx\/blogniebla\/wp-content\/uploads\/2022\/06\/Serie-2-Homenaje-a-Marcel-Duchamp-AlfilesSCH-copia-300x232.png\" alt=\"\" width=\"600\" height=\"464\" srcset=\"https:\/\/tempusfugit.mx\/blogniebla\/wp-content\/uploads\/2022\/06\/Serie-2-Homenaje-a-Marcel-Duchamp-AlfilesSCH-copia-300x232.png 300w, https:\/\/tempusfugit.mx\/blogniebla\/wp-content\/uploads\/2022\/06\/Serie-2-Homenaje-a-Marcel-Duchamp-AlfilesSCH-copia-768x594.png 768w, https:\/\/tempusfugit.mx\/blogniebla\/wp-content\/uploads\/2022\/06\/Serie-2-Homenaje-a-Marcel-Duchamp-AlfilesSCH-copia-1024x791.png 1024w, https:\/\/tempusfugit.mx\/blogniebla\/wp-content\/uploads\/2022\/06\/Serie-2-Homenaje-a-Marcel-Duchamp-AlfilesSCH-copia-750x580.png 750w, https:\/\/tempusfugit.mx\/blogniebla\/wp-content\/uploads\/2022\/06\/Serie-2-Homenaje-a-Marcel-Duchamp-AlfilesSCH-copia.png 1981w\" sizes=\"(max-width: 600px) 100vw, 600px\" \/><\/a><\/p>\n<p><em><strong>Alfiles Bis<\/strong><\/em><br \/>\nMedidas 60 x 40 cm incluye marialuisa.<br \/>\nImpresa digitalmente papel de algod\u00f3n de alta calidad.<br \/>\nAlt\u00edsima definici\u00f3n.<br \/>\nNumerada y firmada por el autor.<br \/>\nSe entrega Certificado de Origen.<br \/>\nPrecio pieza suelta<br \/>\n<strong>$4,800 pesos<\/strong><\/p>\n<form action=\"https:\/\/www.paypal.com\/cgi-bin\/webscr\" method=\"post\" target=\"_top\"><input name=\"cmd\" type=\"hidden\" value=\"_s-xclick\" \/><br \/>\n<input name=\"hosted_button_id\" type=\"hidden\" value=\"24C9JVZPM9R8G\" \/><br \/>\n<input alt=\"PayPal, la forma m\u00e1s segura y r\u00e1pida de pagar en l\u00ednea.\" name=\"submit\" src=\"https:\/\/www.paypalobjects.com\/es_XC\/MX\/i\/btn\/btn_buynowCC_LG.gif\" type=\"image\" \/><br \/>\n<img decoding=\"async\" loading=\"lazy\" src=\"https:\/\/www.paypalobjects.com\/es_XC\/i\/scr\/pixel.gif\" alt=\"\" width=\"1\" height=\"1\" border=\"0\" \/><\/form>\n<h6>El env\u00edo tiene un costo de $350 pesos y se coloca en mensajer\u00eda 5 d\u00edas despu\u00e9s del pago.<\/h6>\n<p><a href=\"https:\/\/tempusfugit.mx\/blogniebla\/wp-content\/uploads\/2022\/06\/Serie-2-Homenaje-a-Marcel-Duchamp-CaballoSCH-copia.png\"><img decoding=\"async\" loading=\"lazy\" class=\"alignnone wp-image-493\" src=\"https:\/\/tempusfugit.mx\/blogniebla\/wp-content\/uploads\/2022\/06\/Serie-2-Homenaje-a-Marcel-Duchamp-CaballoSCH-copia-300x232.png\" alt=\"\" width=\"600\" height=\"464\" srcset=\"https:\/\/tempusfugit.mx\/blogniebla\/wp-content\/uploads\/2022\/06\/Serie-2-Homenaje-a-Marcel-Duchamp-CaballoSCH-copia-300x232.png 300w, https:\/\/tempusfugit.mx\/blogniebla\/wp-content\/uploads\/2022\/06\/Serie-2-Homenaje-a-Marcel-Duchamp-CaballoSCH-copia-768x594.png 768w, https:\/\/tempusfugit.mx\/blogniebla\/wp-content\/uploads\/2022\/06\/Serie-2-Homenaje-a-Marcel-Duchamp-CaballoSCH-copia-1024x791.png 1024w, https:\/\/tempusfugit.mx\/blogniebla\/wp-content\/uploads\/2022\/06\/Serie-2-Homenaje-a-Marcel-Duchamp-CaballoSCH-copia-750x580.png 750w, https:\/\/tempusfugit.mx\/blogniebla\/wp-content\/uploads\/2022\/06\/Serie-2-Homenaje-a-Marcel-Duchamp-CaballoSCH-copia.png 1981w\" sizes=\"(max-width: 600px) 100vw, 600px\" \/><\/a><\/p>\n<p><em><strong>Caballo Bis<\/strong><\/em><br \/>\nMedidas 60 x 40 cm incluye marialuisa.<br \/>\nImpresa digitalmente papel de algod\u00f3n de alta calidad.<br \/>\nAlt\u00edsima definici\u00f3n.<br \/>\nNumerada y firmada por el autor.<br \/>\nSe entrega Certificado de Origen.<br \/>\nPrecio pieza suelta<br \/>\n<strong>$4,800 pesos<\/strong><\/p>\n<form action=\"https:\/\/www.paypal.com\/cgi-bin\/webscr\" method=\"post\" target=\"_top\"><input name=\"cmd\" type=\"hidden\" value=\"_s-xclick\" \/><br \/>\n<input name=\"hosted_button_id\" type=\"hidden\" value=\"D6ANHJ4GX9XK2\" \/><br \/>\n<input alt=\"PayPal, la forma m\u00e1s segura y r\u00e1pida de pagar en l\u00ednea.\" name=\"submit\" src=\"https:\/\/www.paypalobjects.com\/es_XC\/MX\/i\/btn\/btn_buynowCC_LG.gif\" type=\"image\" \/><br \/>\n<img decoding=\"async\" loading=\"lazy\" src=\"https:\/\/www.paypalobjects.com\/es_XC\/i\/scr\/pixel.gif\" alt=\"\" width=\"1\" height=\"1\" border=\"0\" \/><\/form>\n<h6>El env\u00edo tiene un costo de $350 pesos y se coloca en mensajer\u00eda 5 d\u00edas despu\u00e9s del pago.<\/h6>\n<p><a href=\"https:\/\/tempusfugit.mx\/blogniebla\/wp-content\/uploads\/2022\/06\/Serie-2-Homenaje-a-Marcel-Duchamp-DamaSCH-copia.png\"><img decoding=\"async\" loading=\"lazy\" class=\"alignnone wp-image-494\" src=\"https:\/\/tempusfugit.mx\/blogniebla\/wp-content\/uploads\/2022\/06\/Serie-2-Homenaje-a-Marcel-Duchamp-DamaSCH-copia-300x232.png\" alt=\"\" width=\"600\" height=\"464\" srcset=\"https:\/\/tempusfugit.mx\/blogniebla\/wp-content\/uploads\/2022\/06\/Serie-2-Homenaje-a-Marcel-Duchamp-DamaSCH-copia-300x232.png 300w, https:\/\/tempusfugit.mx\/blogniebla\/wp-content\/uploads\/2022\/06\/Serie-2-Homenaje-a-Marcel-Duchamp-DamaSCH-copia-768x594.png 768w, https:\/\/tempusfugit.mx\/blogniebla\/wp-content\/uploads\/2022\/06\/Serie-2-Homenaje-a-Marcel-Duchamp-DamaSCH-copia-1024x791.png 1024w, https:\/\/tempusfugit.mx\/blogniebla\/wp-content\/uploads\/2022\/06\/Serie-2-Homenaje-a-Marcel-Duchamp-DamaSCH-copia-750x580.png 750w, https:\/\/tempusfugit.mx\/blogniebla\/wp-content\/uploads\/2022\/06\/Serie-2-Homenaje-a-Marcel-Duchamp-DamaSCH-copia.png 1981w\" sizes=\"(max-width: 600px) 100vw, 600px\" \/><\/a><\/p>\n<p><em><strong>Dama Bis<\/strong><\/em><br \/>\nMedidas 60 x 40 cm incluye marialuisa.<br \/>\nImpresa digitalmente papel de algod\u00f3n de alta calidad.<br \/>\nAlt\u00edsima definici\u00f3n.<br \/>\nNumerada y firmada por el autor.<br \/>\nSe entrega Certificado de Origen.<br \/>\nPrecio pieza suelta<br \/>\n<strong>$4,800 pesos<\/strong><\/p>\n<form action=\"https:\/\/www.paypal.com\/cgi-bin\/webscr\" method=\"post\" target=\"_top\"><input name=\"cmd\" type=\"hidden\" value=\"_s-xclick\" \/><br \/>\n<input name=\"hosted_button_id\" type=\"hidden\" value=\"YHANKBFCDGGTN\" \/><br \/>\n<input alt=\"PayPal, la forma m\u00e1s segura y r\u00e1pida de pagar en l\u00ednea.\" name=\"submit\" src=\"https:\/\/www.paypalobjects.com\/es_XC\/MX\/i\/btn\/btn_buynowCC_LG.gif\" type=\"image\" \/><br \/>\n<img decoding=\"async\" loading=\"lazy\" src=\"https:\/\/www.paypalobjects.com\/es_XC\/i\/scr\/pixel.gif\" alt=\"\" width=\"1\" height=\"1\" border=\"0\" \/><\/form>\n<h6>El env\u00edo tiene un costo de $350 pesos y se coloca en mensajer\u00eda 5 d\u00edas despu\u00e9s del pago.<\/h6>\n<p><a href=\"https:\/\/tempusfugit.mx\/blogniebla\/wp-content\/uploads\/2022\/06\/Serie-2-Homenaje-a-Marcel-Duchamp-TorresSCH-copia.png\"><img decoding=\"async\" loading=\"lazy\" class=\"alignnone wp-image-497\" src=\"https:\/\/tempusfugit.mx\/blogniebla\/wp-content\/uploads\/2022\/06\/Serie-2-Homenaje-a-Marcel-Duchamp-TorresSCH-copia-300x232.png\" alt=\"\" width=\"600\" height=\"464\" srcset=\"https:\/\/tempusfugit.mx\/blogniebla\/wp-content\/uploads\/2022\/06\/Serie-2-Homenaje-a-Marcel-Duchamp-TorresSCH-copia-300x232.png 300w, https:\/\/tempusfugit.mx\/blogniebla\/wp-content\/uploads\/2022\/06\/Serie-2-Homenaje-a-Marcel-Duchamp-TorresSCH-copia-768x594.png 768w, https:\/\/tempusfugit.mx\/blogniebla\/wp-content\/uploads\/2022\/06\/Serie-2-Homenaje-a-Marcel-Duchamp-TorresSCH-copia-1024x791.png 1024w, https:\/\/tempusfugit.mx\/blogniebla\/wp-content\/uploads\/2022\/06\/Serie-2-Homenaje-a-Marcel-Duchamp-TorresSCH-copia-750x580.png 750w, https:\/\/tempusfugit.mx\/blogniebla\/wp-content\/uploads\/2022\/06\/Serie-2-Homenaje-a-Marcel-Duchamp-TorresSCH-copia.png 1981w\" sizes=\"(max-width: 600px) 100vw, 600px\" \/><\/a><br \/>\n<em><strong>Torres<\/strong><\/em><em><strong>\u00a0Bis<\/strong><\/em><\/p>\n<p>Medidas 60 x 40 cm incluye marialuisa.<br \/>\nImpresa digitalmente papel de algod\u00f3n de alta calidad.<br \/>\nAlt\u00edsima definici\u00f3n.<br \/>\nNumerada y firmada por el autor.<br \/>\nSe entrega Certificado de Origen.<br \/>\nPrecio pieza suelta<br \/>\n<strong>$4,800 pesos<\/strong><\/p>\n<form action=\"https:\/\/www.paypal.com\/cgi-bin\/webscr\" method=\"post\" target=\"_top\"><input name=\"cmd\" type=\"hidden\" value=\"_s-xclick\" \/><br \/>\n<input name=\"hosted_button_id\" type=\"hidden\" value=\"MJR9FGFCC8NTS\" \/><br \/>\n<input alt=\"PayPal, la forma m\u00e1s segura y r\u00e1pida de pagar en l\u00ednea.\" name=\"submit\" src=\"https:\/\/www.paypalobjects.com\/es_XC\/MX\/i\/btn\/btn_buynowCC_LG.gif\" type=\"image\" \/><br \/>\n<img decoding=\"async\" loading=\"lazy\" src=\"https:\/\/www.paypalobjects.com\/es_XC\/i\/scr\/pixel.gif\" alt=\"\" width=\"1\" height=\"1\" border=\"0\" \/><\/form>\n<h6>El env\u00edo tiene un costo de $350 pesos y se coloca en mensajer\u00eda 5 d\u00edas despu\u00e9s del pago.<\/h6>\n<h3><em><strong>Comprar la serie completa de 6 l\u00e1minas<\/strong><\/em><\/h3>\n<p><a href=\"https:\/\/tempusfugit.mx\/blogniebla\/wp-content\/uploads\/2022\/06\/Serie-2-Homenaje-a-Marcel-Duchamp-TorresSCH-copia.png\"><img decoding=\"async\" loading=\"lazy\" class=\"alignnone wp-image-497\" src=\"https:\/\/tempusfugit.mx\/blogniebla\/wp-content\/uploads\/2022\/06\/Serie-2-Homenaje-a-Marcel-Duchamp-TorresSCH-copia-300x232.png\" alt=\"\" width=\"200\" height=\"155\" srcset=\"https:\/\/tempusfugit.mx\/blogniebla\/wp-content\/uploads\/2022\/06\/Serie-2-Homenaje-a-Marcel-Duchamp-TorresSCH-copia-300x232.png 300w, https:\/\/tempusfugit.mx\/blogniebla\/wp-content\/uploads\/2022\/06\/Serie-2-Homenaje-a-Marcel-Duchamp-TorresSCH-copia-768x594.png 768w, https:\/\/tempusfugit.mx\/blogniebla\/wp-content\/uploads\/2022\/06\/Serie-2-Homenaje-a-Marcel-Duchamp-TorresSCH-copia-1024x791.png 1024w, https:\/\/tempusfugit.mx\/blogniebla\/wp-content\/uploads\/2022\/06\/Serie-2-Homenaje-a-Marcel-Duchamp-TorresSCH-copia-750x580.png 750w, https:\/\/tempusfugit.mx\/blogniebla\/wp-content\/uploads\/2022\/06\/Serie-2-Homenaje-a-Marcel-Duchamp-TorresSCH-copia.png 1981w\" sizes=\"(max-width: 200px) 100vw, 200px\" \/><\/a> <a href=\"https:\/\/tempusfugit.mx\/blogniebla\/wp-content\/uploads\/2022\/06\/Serie-2-Homenaje-a-Marcel-Duchamp-Rey-y-peonSCH-copia.png\"><img decoding=\"async\" loading=\"lazy\" class=\"alignnone wp-image-496\" src=\"https:\/\/tempusfugit.mx\/blogniebla\/wp-content\/uploads\/2022\/06\/Serie-2-Homenaje-a-Marcel-Duchamp-Rey-y-peonSCH-copia-300x232.png\" alt=\"\" width=\"200\" height=\"155\" srcset=\"https:\/\/tempusfugit.mx\/blogniebla\/wp-content\/uploads\/2022\/06\/Serie-2-Homenaje-a-Marcel-Duchamp-Rey-y-peonSCH-copia-300x232.png 300w, https:\/\/tempusfugit.mx\/blogniebla\/wp-content\/uploads\/2022\/06\/Serie-2-Homenaje-a-Marcel-Duchamp-Rey-y-peonSCH-copia-768x594.png 768w, https:\/\/tempusfugit.mx\/blogniebla\/wp-content\/uploads\/2022\/06\/Serie-2-Homenaje-a-Marcel-Duchamp-Rey-y-peonSCH-copia-1024x791.png 1024w, https:\/\/tempusfugit.mx\/blogniebla\/wp-content\/uploads\/2022\/06\/Serie-2-Homenaje-a-Marcel-Duchamp-Rey-y-peonSCH-copia-750x580.png 750w, https:\/\/tempusfugit.mx\/blogniebla\/wp-content\/uploads\/2022\/06\/Serie-2-Homenaje-a-Marcel-Duchamp-Rey-y-peonSCH-copia.png 1981w\" sizes=\"(max-width: 200px) 100vw, 200px\" \/><\/a> <a href=\"https:\/\/tempusfugit.mx\/blogniebla\/wp-content\/uploads\/2022\/06\/Serie-2-Homenaje-a-Marcel-Duchamp-PeonesSCH-copia.png\"><img decoding=\"async\" loading=\"lazy\" class=\"alignnone wp-image-495\" src=\"https:\/\/tempusfugit.mx\/blogniebla\/wp-content\/uploads\/2022\/06\/Serie-2-Homenaje-a-Marcel-Duchamp-PeonesSCH-copia-300x232.png\" alt=\"\" width=\"200\" height=\"155\" srcset=\"https:\/\/tempusfugit.mx\/blogniebla\/wp-content\/uploads\/2022\/06\/Serie-2-Homenaje-a-Marcel-Duchamp-PeonesSCH-copia-300x232.png 300w, https:\/\/tempusfugit.mx\/blogniebla\/wp-content\/uploads\/2022\/06\/Serie-2-Homenaje-a-Marcel-Duchamp-PeonesSCH-copia-768x594.png 768w, https:\/\/tempusfugit.mx\/blogniebla\/wp-content\/uploads\/2022\/06\/Serie-2-Homenaje-a-Marcel-Duchamp-PeonesSCH-copia-1024x791.png 1024w, https:\/\/tempusfugit.mx\/blogniebla\/wp-content\/uploads\/2022\/06\/Serie-2-Homenaje-a-Marcel-Duchamp-PeonesSCH-copia-750x580.png 750w, https:\/\/tempusfugit.mx\/blogniebla\/wp-content\/uploads\/2022\/06\/Serie-2-Homenaje-a-Marcel-Duchamp-PeonesSCH-copia.png 1981w\" sizes=\"(max-width: 200px) 100vw, 200px\" \/><\/a><\/p>\n<p><a href=\"https:\/\/tempusfugit.mx\/blogniebla\/wp-content\/uploads\/2022\/06\/Serie-2-Homenaje-a-Marcel-Duchamp-DamaSCH-copia.png\"><img decoding=\"async\" loading=\"lazy\" class=\"alignnone wp-image-494\" src=\"https:\/\/tempusfugit.mx\/blogniebla\/wp-content\/uploads\/2022\/06\/Serie-2-Homenaje-a-Marcel-Duchamp-DamaSCH-copia-300x232.png\" alt=\"\" width=\"200\" height=\"155\" srcset=\"https:\/\/tempusfugit.mx\/blogniebla\/wp-content\/uploads\/2022\/06\/Serie-2-Homenaje-a-Marcel-Duchamp-DamaSCH-copia-300x232.png 300w, https:\/\/tempusfugit.mx\/blogniebla\/wp-content\/uploads\/2022\/06\/Serie-2-Homenaje-a-Marcel-Duchamp-DamaSCH-copia-768x594.png 768w, https:\/\/tempusfugit.mx\/blogniebla\/wp-content\/uploads\/2022\/06\/Serie-2-Homenaje-a-Marcel-Duchamp-DamaSCH-copia-1024x791.png 1024w, https:\/\/tempusfugit.mx\/blogniebla\/wp-content\/uploads\/2022\/06\/Serie-2-Homenaje-a-Marcel-Duchamp-DamaSCH-copia-750x580.png 750w, https:\/\/tempusfugit.mx\/blogniebla\/wp-content\/uploads\/2022\/06\/Serie-2-Homenaje-a-Marcel-Duchamp-DamaSCH-copia.png 1981w\" sizes=\"(max-width: 200px) 100vw, 200px\" \/><\/a> <a href=\"https:\/\/tempusfugit.mx\/blogniebla\/wp-content\/uploads\/2022\/06\/Serie-2-Homenaje-a-Marcel-Duchamp-CaballoSCH-copia.png\"><img decoding=\"async\" loading=\"lazy\" class=\"alignnone wp-image-493\" src=\"https:\/\/tempusfugit.mx\/blogniebla\/wp-content\/uploads\/2022\/06\/Serie-2-Homenaje-a-Marcel-Duchamp-CaballoSCH-copia-300x232.png\" alt=\"\" width=\"200\" height=\"155\" srcset=\"https:\/\/tempusfugit.mx\/blogniebla\/wp-content\/uploads\/2022\/06\/Serie-2-Homenaje-a-Marcel-Duchamp-CaballoSCH-copia-300x232.png 300w, https:\/\/tempusfugit.mx\/blogniebla\/wp-content\/uploads\/2022\/06\/Serie-2-Homenaje-a-Marcel-Duchamp-CaballoSCH-copia-768x594.png 768w, https:\/\/tempusfugit.mx\/blogniebla\/wp-content\/uploads\/2022\/06\/Serie-2-Homenaje-a-Marcel-Duchamp-CaballoSCH-copia-1024x791.png 1024w, https:\/\/tempusfugit.mx\/blogniebla\/wp-content\/uploads\/2022\/06\/Serie-2-Homenaje-a-Marcel-Duchamp-CaballoSCH-copia-750x580.png 750w, https:\/\/tempusfugit.mx\/blogniebla\/wp-content\/uploads\/2022\/06\/Serie-2-Homenaje-a-Marcel-Duchamp-CaballoSCH-copia.png 1981w\" sizes=\"(max-width: 200px) 100vw, 200px\" \/><\/a> <a href=\"https:\/\/tempusfugit.mx\/blogniebla\/wp-content\/uploads\/2022\/06\/Serie-2-Homenaje-a-Marcel-Duchamp-AlfilesSCH-copia.png\"><img decoding=\"async\" loading=\"lazy\" class=\"alignnone wp-image-492\" src=\"https:\/\/tempusfugit.mx\/blogniebla\/wp-content\/uploads\/2022\/06\/Serie-2-Homenaje-a-Marcel-Duchamp-AlfilesSCH-copia-300x232.png\" alt=\"\" width=\"200\" height=\"155\" srcset=\"https:\/\/tempusfugit.mx\/blogniebla\/wp-content\/uploads\/2022\/06\/Serie-2-Homenaje-a-Marcel-Duchamp-AlfilesSCH-copia-300x232.png 300w, https:\/\/tempusfugit.mx\/blogniebla\/wp-content\/uploads\/2022\/06\/Serie-2-Homenaje-a-Marcel-Duchamp-AlfilesSCH-copia-768x594.png 768w, https:\/\/tempusfugit.mx\/blogniebla\/wp-content\/uploads\/2022\/06\/Serie-2-Homenaje-a-Marcel-Duchamp-AlfilesSCH-copia-1024x791.png 1024w, https:\/\/tempusfugit.mx\/blogniebla\/wp-content\/uploads\/2022\/06\/Serie-2-Homenaje-a-Marcel-Duchamp-AlfilesSCH-copia-750x580.png 750w, https:\/\/tempusfugit.mx\/blogniebla\/wp-content\/uploads\/2022\/06\/Serie-2-Homenaje-a-Marcel-Duchamp-AlfilesSCH-copia.png 1981w\" sizes=\"(max-width: 200px) 100vw, 200px\" \/><\/a><\/p>\n<p>Cada una en medidas de 60 x 40 cm incluye marialuisa.<br \/>\nImpresas digitalmente papel de algod\u00f3n de alta calidad.<br \/>\nAlt\u00edsima definici\u00f3n.<br \/>\nNumeradas y firmadas por el autor.<br \/>\nSe entregan Certificados de Origen.<br \/>\n<strong>$25,900 pesos<\/strong><\/p>\n<form action=\"https:\/\/www.paypal.com\/cgi-bin\/webscr\" method=\"post\" target=\"_top\"><input name=\"cmd\" type=\"hidden\" value=\"_s-xclick\" \/><br \/>\n<input name=\"hosted_button_id\" type=\"hidden\" value=\"5YFQ3H4BMVRZG\" \/><br \/>\n<input alt=\"PayPal, la forma m\u00e1s segura y r\u00e1pida de pagar en l\u00ednea.\" name=\"submit\" src=\"https:\/\/www.paypalobjects.com\/es_XC\/MX\/i\/btn\/btn_buynowCC_LG.gif\" type=\"image\" \/><br \/>\n<img decoding=\"async\" loading=\"lazy\" src=\"https:\/\/www.paypalobjects.com\/es_XC\/i\/scr\/pixel.gif\" alt=\"\" width=\"1\" height=\"1\" border=\"0\" \/><\/p>\n<h6>El env\u00edo tiene un costo de $350 pesos y se coloca en mensajer\u00eda 5 d\u00edas despu\u00e9s del pago.<\/h6>\n<h3><strong>Visite estas otras series del mismo autor<\/strong><\/h3>\n<\/form>\n<h4><a href=\"https:\/\/tempusfugit.mx\/blogniebla\/serie-branas-y-supercuerdas-dimensionales\/\">Serie \u00abBranas y Supercuerdas Dimensionales\u00bb<\/a><\/h4>\n<h4><a href=\"https:\/\/tempusfugit.mx\/blogniebla\/__trashed\/\">Serie \u00abHomenaje a Marcel Duchamp\u00bb<\/a><\/h4>\n<h4><a href=\"https:\/\/tempusfugit.mx\/blogniebla\/serie-el-pajaro-de-fuego-loiseau-de-feu-stravinsky\/\">Serie \u00abEl p\u00e1jaro de fuego\u00bb (L&#8217;oiseau de Feu) basado en la obra de I.\u00a0 Stravinsky<\/a><\/h4>\n<h4><a href=\"https:\/\/tempusfugit.mx\/blogniebla\/graficos-sueltos-y-pruebas-de-autor\/\">Gr\u00e1ficos sueltos y pruebas de autor<\/a><\/h4>\n<p>Tambi\u00e9n podr\u00eda interesarle:<\/p>\n<p><strong><a href=\"https:\/\/tempusfugit.mx\/blogniebla\/grabados-hot-stamping-figurines-de-ajedrez\/\">Grabados Hot Stamping con figurines de ajedrez<\/a><\/strong><\/p>\n<h4><a href=\"https:\/\/tempusfugit.mx\/blogniebla\/reproducciones-de-grabados-de-escher\/\">Reproducciones en offset de grabados de M.C. Escher. Enmarcadas<\/a><\/h4>\n","protected":false},"excerpt":{"rendered":"<p>Una serie alterna sobre el mismo tema de la primera serie con ese tema, pero con otra paleta de colores. Basada en el dise\u00f1o de las piezas de ajedrez del famoso artista dada\u00edsta Marcel Duchamp, quien fuera un fuerte jugador de ajedrez y que jug\u00f3 representando a Francia en varias olimpiadas. Rey y Pe\u00f3n Bis [&hellip;]<\/p>\n","protected":false},"author":1,"featured_media":0,"parent":0,"menu_order":0,"comment_status":"open","ping_status":"closed","template":"","meta":[],"_links":{"self":[{"href":"https:\/\/tempusfugit.mx\/blogniebla\/wp-json\/wp\/v2\/pages\/489"}],"collection":[{"href":"https:\/\/tempusfugit.mx\/blogniebla\/wp-json\/wp\/v2\/pages"}],"about":[{"href":"https:\/\/tempusfugit.mx\/blogniebla\/wp-json\/wp\/v2\/types\/page"}],"author":[{"embeddable":true,"href":"https:\/\/tempusfugit.mx\/blogniebla\/wp-json\/wp\/v2\/users\/1"}],"replies":[{"embeddable":true,"href":"https:\/\/tempusfugit.mx\/blogniebla\/wp-json\/wp\/v2\/comments?post=489"}],"version-history":[{"count":13,"href":"https:\/\/tempusfugit.mx\/blogniebla\/wp-json\/wp\/v2\/pages\/489\/revisions"}],"predecessor-version":[{"id":1215,"href":"https:\/\/tempusfugit.mx\/blogniebla\/wp-json\/wp\/v2\/pages\/489\/revisions\/1215"}],"wp:attachment":[{"href":"https:\/\/tempusfugit.mx\/blogniebla\/wp-json\/wp\/v2\/media?parent=489"}],"curies":[{"name":"wp","href":"https:\/\/api.w.org\/{rel}","templated":true}]}}